{"id":1376,"date":"2024-10-04T12:41:35","date_gmt":"2024-10-04T10:41:35","guid":{"rendered":"https:\/\/caminodelospilones.com\/transhumance\/"},"modified":"2024-10-31T16:53:56","modified_gmt":"2024-10-31T15:53:56","slug":"transhumance","status":"publish","type":"page","link":"https:\/\/caminodelospilones.com\/fr\/transhumance\/","title":{"rendered":"Transhumance"},"content":{"rendered":"\t\t<div data-elementor-type=\"wp-page\" data-elementor-id=\"1376\" class=\"elementor elementor-1376 elementor-529\" data-elementor-post-type=\"page\">\n\t\t\t\t<div data-particle_enable=\"false\" data-particle-mobile-disabled=\"false\" class=\"elementor-element elementor-element-c066725 e-flex e-con-boxed e-con e-parent\" data-id=\"c066725\" data-element_type=\"container\" data-e-type=\"container\" data-settings=\"{&quot;background_background&quot;:&quot;classic&quot;}\">\n\t\t\t\t\t<div class=\"e-con-inner\">\n\t\t<div data-particle_enable=\"false\" data-particle-mobile-disabled=\"false\" class=\"elementor-element elementor-element-8b550b7 e-con-full e-flex e-con e-child\" data-id=\"8b550b7\" data-element_type=\"container\" data-e-type=\"container\">\n\t\t\t\t<div class=\"elementor-element elementor-element-8697cd9 elementor-position-inline-start elementor-view-default elementor-mobile-position-block-start elementor-widget elementor-widget-icon-box\" data-id=\"8697cd9\" data-element_type=\"widget\" data-e-type=\"widget\" data-widget_type=\"icon-box.default\">\n\t\t\t\t<div class=\"elementor-widget-container\">\n\t\t\t\t\t\t\t<div class=\"elementor-icon-box-wrapper\">\n\n\t\t\t\t\t\t<div class=\"elementor-icon-box-icon\">\n\t\t\t\t<a href=\"https:\/\/caminodelospilones.com\/historia-del-camino\/\" class=\"elementor-icon\" tabindex=\"-1\" aria-label=\"Histoire de la route\">\n\t\t\t\t<svg aria-hidden=\"true\" class=\"e-font-icon-svg e-fas-arrow-left\" viewBox=\"0 0 448 512\" xmlns=\"http:\/\/www.w3.org\/2000\/svg\"><path d=\"M257.5 445.1l-22.2 22.2c-9.4 9.4-24.6 9.4-33.9 0L7 273c-9.4-9.4-9.4-24.6 0-33.9L201.4 44.7c9.4-9.4 24.6-9.4 33.9 0l22.2 22.2c9.5 9.5 9.3 25-.4 34.3L136.6 216H424c13.3 0 24 10.7 24 24v32c0 13.3-10.7 24-24 24H136.6l120.5 114.8c9.8 9.3 10 24.8.4 34.3z\"><\/path><\/svg>\t\t\t\t<\/a>\n\t\t\t<\/div>\n\t\t\t\n\t\t\t\t\t\t<div class=\"elementor-icon-box-content\">\n\n\t\t\t\t\t\t\t\t\t<h3 class=\"elementor-icon-box-title\">\n\t\t\t\t\t\t<a href=\"https:\/\/caminodelospilones.com\/historia-del-camino\/\" >\n\t\t\t\t\t\t\tHistoire de la route\t\t\t\t\t\t<\/a>\n\t\t\t\t\t<\/h3>\n\t\t\t\t\n\t\t\t\t\n\t\t\t<\/div>\n\t\t\t\n\t\t<\/div>\n\t\t\t\t\t\t<\/div>\n\t\t\t\t<\/div>\n\t\t\t\t<div class=\"elementor-element elementor-element-94334da elementor-widget elementor-widget-heading\" data-id=\"94334da\" data-element_type=\"widget\" data-e-type=\"widget\" data-widget_type=\"heading.default\">\n\t\t\t\t<div class=\"elementor-widget-container\">\n\t\t\t\t\t<h2 class=\"elementor-heading-title elementor-size-default\">Transhumance<\/h2>\t\t\t\t<\/div>\n\t\t\t\t<\/div>\n\t\t\t\t<div class=\"elementor-element elementor-element-2f36821 elementor-widget elementor-widget-text-editor\" data-id=\"2f36821\" data-element_type=\"widget\" data-e-type=\"widget\" data-widget_type=\"text-editor.default\">\n\t\t\t\t<div class=\"elementor-widget-container\">\n\t\t\t\t\t\t\t\t\t<p>Depuis le Moyen \u00c2ge, les montagnes du G\u00fadar-Maestrazgo abritent un important cheptel qui transhume vers les terres de la c\u00f4te valencienne. Les bergers suivaient diff\u00e9rents itin\u00e9raires sur des chemins, des sentiers et des azagadores, profitant de la compl\u00e9mentarit\u00e9 climatique offerte par les diff\u00e9rents territoires en fonction de l&rsquo;\u00e9poque de l&rsquo;ann\u00e9e. <\/p>\n\t\t\t\t\t\t\t\t<\/div>\n\t\t\t\t<\/div>\n\t\t\t\t<\/div>\n\t\t\t\t\t<\/div>\n\t\t\t\t<\/div>\n\t\t<div data-particle_enable=\"false\" data-particle-mobile-disabled=\"false\" class=\"elementor-element elementor-element-9475e6a e-flex e-con-boxed e-con e-parent\" data-id=\"9475e6a\" data-element_type=\"container\" data-e-type=\"container\">\n\t\t\t\t\t<div class=\"e-con-inner\">\n\t\t\t\t<div class=\"elementor-element elementor-element-bb6517f elementor-widget elementor-widget-spacer\" data-id=\"bb6517f\" data-element_type=\"widget\" data-e-type=\"widget\" data-widget_type=\"spacer.default\">\n\t\t\t\t<div class=\"elementor-widget-container\">\n\t\t\t\t\t\t\t<div class=\"elementor-spacer\">\n\t\t\t<div class=\"elementor-spacer-inner\"><\/div>\n\t\t<\/div>\n\t\t\t\t\t\t<\/div>\n\t\t\t\t<\/div>\n\t\t\t\t\t<\/div>\n\t\t\t\t<\/div>\n\t\t<div data-particle_enable=\"false\" data-particle-mobile-disabled=\"false\" class=\"elementor-element elementor-element-e2c3406 e-flex e-con-boxed e-con e-parent\" data-id=\"e2c3406\" data-element_type=\"container\" data-e-type=\"container\">\n\t\t\t\t\t<div class=\"e-con-inner\">\n\t\t<div data-particle_enable=\"false\" data-particle-mobile-disabled=\"false\" class=\"elementor-element elementor-element-8b2041a e-con-full e-flex e-con e-child\" data-id=\"8b2041a\" data-element_type=\"container\" data-e-type=\"container\">\n\t\t<div data-particle_enable=\"false\" data-particle-mobile-disabled=\"false\" class=\"elementor-element elementor-element-fc01cb2 e-con-full e-flex e-con e-child\" data-id=\"fc01cb2\" data-element_type=\"container\" data-e-type=\"container\">\n\t\t\t\t<div class=\"elementor-element elementor-element-2537c8d dce_masking-none elementor-widget elementor-widget-image\" data-id=\"2537c8d\" data-element_type=\"widget\" data-e-type=\"widget\" data-widget_type=\"image.default\">\n\t\t\t\t<div class=\"elementor-widget-container\">\n\t\t\t\t\t\t\t\t\t\t\t\t<figure class=\"wp-caption\">\n\t\t\t\t\t\t\t\t\t\t<img fetchpriority=\"high\" decoding=\"async\" width=\"800\" height=\"534\" src=\"https:\/\/caminodelospilones.com\/wp-content\/uploads\/2024\/10\/HOSPEDERIA-IGLESUELA-FINALS-30-1024x683.jpg\" class=\"attachment-large size-large wp-image-1297\" alt=\"\" srcset=\"https:\/\/caminodelospilones.com\/wp-content\/uploads\/2024\/10\/HOSPEDERIA-IGLESUELA-FINALS-30-1024x683.jpg 1024w, https:\/\/caminodelospilones.com\/wp-content\/uploads\/2024\/10\/HOSPEDERIA-IGLESUELA-FINALS-30-300x200.jpg 300w, https:\/\/caminodelospilones.com\/wp-content\/uploads\/2024\/10\/HOSPEDERIA-IGLESUELA-FINALS-30-768x512.jpg 768w, https:\/\/caminodelospilones.com\/wp-content\/uploads\/2024\/10\/HOSPEDERIA-IGLESUELA-FINALS-30-1536x1025.jpg 1536w, https:\/\/caminodelospilones.com\/wp-content\/uploads\/2024\/10\/HOSPEDERIA-IGLESUELA-FINALS-30-2048x1366.jpg 2048w\" sizes=\"(max-width: 800px) 100vw, 800px\" \/>\t\t\t\t\t\t\t\t\t\t\t<figcaption class=\"widget-image-caption wp-caption-text\">Berger avec des moutons. Peinture murale du palais Matutano - Daud\u00e9n \u00e0 La Iglesuela del Cid. <\/figcaption>\n\t\t\t\t\t\t\t\t\t\t<\/figure>\n\t\t\t\t\t\t\t\t\t<\/div>\n\t\t\t\t<\/div>\n\t\t\t\t<\/div>\n\t\t<div data-particle_enable=\"false\" data-particle-mobile-disabled=\"false\" class=\"elementor-element elementor-element-7e4a075 e-con-full e-flex e-con e-child\" data-id=\"7e4a075\" data-element_type=\"container\" data-e-type=\"container\">\n\t\t\t\t<div class=\"elementor-element elementor-element-0adaf2b elementor-widget elementor-widget-heading\" data-id=\"0adaf2b\" data-element_type=\"widget\" data-e-type=\"widget\" data-widget_type=\"heading.default\">\n\t\t\t\t<div class=\"elementor-widget-container\">\n\t\t\t\t\t<h2 class=\"elementor-heading-title elementor-size-default\">Transhumance<\/h2>\t\t\t\t<\/div>\n\t\t\t\t<\/div>\n\t\t\t\t<div class=\"elementor-element elementor-element-d8434ab elementor-widget elementor-widget-text-editor\" data-id=\"d8434ab\" data-element_type=\"widget\" data-e-type=\"widget\" data-widget_type=\"text-editor.default\">\n\t\t\t\t<div class=\"elementor-widget-container\">\n\t\t\t\t\t\t\t\t\t<p>Depuis la fin du Moyen \u00c2ge, les cha\u00eenes de montagnes du G\u00fadar-Maestrazgo ont vu se d\u00e9velopper le syst\u00e8me de transhumance du b\u00e9tail, une forme de p\u00e2turage bas\u00e9e sur le d\u00e9placement saisonnier des troupeaux entre diff\u00e9rentes zones g\u00e9ographiques ou climatiques. L&rsquo;articulation de ces itin\u00e9raires permettait de compl\u00e9ter le r\u00e9gime alimentaire des animaux et d&rsquo;all\u00e9ger la pression sur les p\u00e2turages locaux. Apr\u00e8s la conqu\u00eate du royaume de Valence dans la premi\u00e8re moiti\u00e9 du XIIIe si\u00e8cle, la compl\u00e9mentarit\u00e9 climatique offerte par ces territoires a permis le d\u00e9veloppement de routes migratoires entre les territoires int\u00e9rieurs et c\u00f4tiers. Ainsi, apr\u00e8s les pluies d&rsquo;automne, le b\u00e9tail se d\u00e9pla\u00e7ait vers les terres c\u00f4ti\u00e8res \u00e0 la recherche de p\u00e2turages pour passer l&rsquo;hiver. Plus tard, au d\u00e9but des mois les plus chauds, ils remontaient pour profiter des p\u00e2turages abondants des sierras apr\u00e8s les neiges et les pluies hivernales.    <\/p>\n\t\t\t\t\t\t\t\t<\/div>\n\t\t\t\t<\/div>\n\t\t\t\t<\/div>\n\t\t\t\t<\/div>\n\t\t\t\t\t<\/div>\n\t\t\t\t<\/div>\n\t\t<div data-particle_enable=\"false\" data-particle-mobile-disabled=\"false\" class=\"elementor-element elementor-element-a288b70 e-flex e-con-boxed e-con e-parent\" data-id=\"a288b70\" data-element_type=\"container\" data-e-type=\"container\">\n\t\t\t\t\t<div class=\"e-con-inner\">\n\t\t\t\t<div class=\"elementor-element elementor-element-a59479f elementor-widget-divider--separator-type-pattern elementor-widget-divider--no-spacing elementor-widget-divider--view-line elementor-widget elementor-widget-divider\" data-id=\"a59479f\" data-element_type=\"widget\" data-e-type=\"widget\" data-widget_type=\"divider.default\">\n\t\t\t\t<div class=\"elementor-widget-container\">\n\t\t\t\t\t\t\t<div class=\"elementor-divider\" style=\"--divider-pattern-url: url(&quot;data:image\/svg+xml,%3Csvg xmlns=&#039;http:\/\/www.w3.org\/2000\/svg&#039; preserveAspectRatio=&#039;xMidYMid meet&#039; overflow=&#039;visible&#039; height=&#039;100%&#039; viewBox=&#039;0 0 120 26&#039; fill=&#039;black&#039; stroke=&#039;none&#039;%3E%3Cpath d=&#039;M11.9,15.9L11.9,15.9L0,16c-0.2-3.7,1.5-5.7,4.9-6C10,9.6,12.4,14.2,11.9,15.9zM26.9,15.9L26.9,15.9L15,16c0.5-3.7,2.5-5.7,5.9-6C26,9.6,27.4,14.2,26.9,15.9z M37.1,10c3.4,0.3,5.1,2.3,4.9,6H30.1C29.5,14.4,31.9,9.6,37.1,10z M57,15.9L57,15.9L45,16c0-3.4,1.6-5.4,4.9-5.9C54.8,9.3,57.4,14.2,57,15.9z M71.9,15.9L71.9,15.9L60,16c-0.2-3.7,1.5-5.7,4.9-6C70,9.6,72.4,14.2,71.9,15.9z M82.2,10c3.4,0.3,5,2.3,4.8,6H75.3C74,13,77.1,9.6,82.2,10zM101.9,15.9L101.9,15.9L90,16c-0.2-3.7,1.5-5.7,4.9-6C100,9.6,102.4,14.2,101.9,15.9z M112.1,10.1c2.7,0.5,4.3,2.5,4.9,5.9h-11.9l0,0C104.5,14.4,108,9.3,112.1,10.1z&#039;\/%3E%3C\/svg%3E&quot;);\">\n\t\t\t<span class=\"elementor-divider-separator\">\n\t\t\t\t\t\t<\/span>\n\t\t<\/div>\n\t\t\t\t\t\t<\/div>\n\t\t\t\t<\/div>\n\t\t\t\t\t<\/div>\n\t\t\t\t<\/div>\n\t\t<div data-particle_enable=\"false\" data-particle-mobile-disabled=\"false\" class=\"elementor-element elementor-element-92c96ad e-flex e-con-boxed e-con e-parent\" data-id=\"92c96ad\" data-element_type=\"container\" data-e-type=\"container\">\n\t\t\t\t\t<div class=\"e-con-inner\">\n\t\t<div data-particle_enable=\"false\" data-particle-mobile-disabled=\"false\" class=\"elementor-element elementor-element-eaf8bce e-con-full e-flex e-con e-child\" data-id=\"eaf8bce\" data-element_type=\"container\" data-e-type=\"container\">\n\t\t<div data-particle_enable=\"false\" data-particle-mobile-disabled=\"false\" class=\"elementor-element elementor-element-27f81a9 e-con-full e-flex e-con e-child\" data-id=\"27f81a9\" data-element_type=\"container\" data-e-type=\"container\">\n\t\t\t\t<div class=\"elementor-element elementor-element-2c315dc dce_masking-none elementor-widget elementor-widget-image\" data-id=\"2c315dc\" data-element_type=\"widget\" data-e-type=\"widget\" data-widget_type=\"image.default\">\n\t\t\t\t<div class=\"elementor-widget-container\">\n\t\t\t\t\t\t\t\t\t\t\t\t<figure class=\"wp-caption\">\n\t\t\t\t\t\t\t\t\t\t<img decoding=\"async\" width=\"800\" height=\"777\" src=\"https:\/\/caminodelospilones.com\/wp-content\/uploads\/2024\/10\/4-1024x994.jpg\" class=\"attachment-large size-large wp-image-1299\" alt=\"\" srcset=\"https:\/\/caminodelospilones.com\/wp-content\/uploads\/2024\/10\/4-1024x994.jpg 1024w, https:\/\/caminodelospilones.com\/wp-content\/uploads\/2024\/10\/4-300x291.jpg 300w, https:\/\/caminodelospilones.com\/wp-content\/uploads\/2024\/10\/4-768x745.jpg 768w, https:\/\/caminodelospilones.com\/wp-content\/uploads\/2024\/10\/4-1536x1490.jpg 1536w, https:\/\/caminodelospilones.com\/wp-content\/uploads\/2024\/10\/4-2048x1987.jpg 2048w\" sizes=\"(max-width: 800px) 100vw, 800px\" \/>\t\t\t\t\t\t\t\t\t\t\t<figcaption class=\"widget-image-caption wp-caption-text\">Berger avec des moutons (Cantavieja). Collection de photographies Grao Matesanz. CEMAT.  <\/figcaption>\n\t\t\t\t\t\t\t\t\t\t<\/figure>\n\t\t\t\t\t\t\t\t\t<\/div>\n\t\t\t\t<\/div>\n\t\t\t\t<\/div>\n\t\t<div data-particle_enable=\"false\" data-particle-mobile-disabled=\"false\" class=\"elementor-element elementor-element-2599096 e-con-full e-flex e-con e-child\" data-id=\"2599096\" data-element_type=\"container\" data-e-type=\"container\">\n\t\t\t\t<div class=\"elementor-element elementor-element-67f0d5d elementor-widget elementor-widget-heading\" data-id=\"67f0d5d\" data-element_type=\"widget\" data-e-type=\"widget\" data-widget_type=\"heading.default\">\n\t\t\t\t<div class=\"elementor-widget-container\">\n\t\t\t\t\t<h2 class=\"elementor-heading-title elementor-size-default\">Le syst\u00e8me agricole dans les terres du Maestrazgo<\/h2>\t\t\t\t<\/div>\n\t\t\t\t<\/div>\n\t\t\t\t<div class=\"elementor-element elementor-element-9099213 elementor-widget elementor-widget-text-editor\" data-id=\"9099213\" data-element_type=\"widget\" data-e-type=\"widget\" data-widget_type=\"text-editor.default\">\n\t\t\t\t<div class=\"elementor-widget-container\">\n\t\t\t\t\t\t\t\t\t<p class=\"p1\">\u00c0 partir du milieu du XIIe si\u00e8cle, apr\u00e8s la conqu\u00eate chr\u00e9tienne du territoire du Maestrazgo, on a commenc\u00e9 \u00e0 jeter les bases d&rsquo;un syst\u00e8me qui allait apporter une grande prosp\u00e9rit\u00e9 \u00e0 la r\u00e9gion au cours des si\u00e8cles suivants. Le repeuplement \u00e9tait bas\u00e9 sur l&rsquo;installation de familles de paysans qui travaillaient la terre, \u00e9tablissant ce que l&rsquo;on appelle la triade m\u00e9diterran\u00e9enne : les c\u00e9r\u00e9ales panifiables, dont la production est devenue exc\u00e9dentaire \u00e0 certaines \u00e9poques, la vigne et l&rsquo;olivier, l\u00e0 o\u00f9 les conditions climatiques le permettaient, compl\u00e9t\u00e9s par des produits horticoles. <\/p>\n<p class=\"p1\">L&rsquo;\u00e9levage de moutons coexistait avec ce syst\u00e8me, une activit\u00e9 qui allait devenir pr\u00e9dominante sur le territoire. En effet, apr\u00e8s la conqu\u00eate du royaume de Valence, Jacques Ier, conscient de l&rsquo;importance de l&rsquo;\u00e9levage comme source de revenus, se r\u00e9serva le pouvoir d&rsquo;exploiter les montagnes, les herbages et les terres incultes, en accordant des privil\u00e8ges qui profit\u00e8rent aux \u00e9leveurs des sierras, qui pouvaient emmener leur b\u00e9tail sur les terres de la c\u00f4te nouvellement conquises. <\/p>\n\t\t\t\t\t\t\t\t<\/div>\n\t\t\t\t<\/div>\n\t\t\t\t<\/div>\n\t\t\t\t<\/div>\n\t\t\t\t\t<\/div>\n\t\t\t\t<\/div>\n\t\t<div data-particle_enable=\"false\" data-particle-mobile-disabled=\"false\" class=\"elementor-element elementor-element-3eb8f8a e-flex e-con-boxed e-con e-parent\" data-id=\"3eb8f8a\" data-element_type=\"container\" data-e-type=\"container\">\n\t\t\t\t\t<div class=\"e-con-inner\">\n\t\t\t\t<div class=\"elementor-element elementor-element-37d8f3e elementor-widget-divider--separator-type-pattern elementor-widget-divider--no-spacing elementor-widget-divider--view-line elementor-widget elementor-widget-divider\" data-id=\"37d8f3e\" data-element_type=\"widget\" data-e-type=\"widget\" data-widget_type=\"divider.default\">\n\t\t\t\t<div class=\"elementor-widget-container\">\n\t\t\t\t\t\t\t<div class=\"elementor-divider\" style=\"--divider-pattern-url: url(&quot;data:image\/svg+xml,%3Csvg xmlns=&#039;http:\/\/www.w3.org\/2000\/svg&#039; preserveAspectRatio=&#039;xMidYMid meet&#039; overflow=&#039;visible&#039; height=&#039;100%&#039; viewBox=&#039;0 0 120 26&#039; fill=&#039;black&#039; stroke=&#039;none&#039;%3E%3Cpath d=&#039;M11.9,15.9L11.9,15.9L0,16c-0.2-3.7,1.5-5.7,4.9-6C10,9.6,12.4,14.2,11.9,15.9zM26.9,15.9L26.9,15.9L15,16c0.5-3.7,2.5-5.7,5.9-6C26,9.6,27.4,14.2,26.9,15.9z M37.1,10c3.4,0.3,5.1,2.3,4.9,6H30.1C29.5,14.4,31.9,9.6,37.1,10z M57,15.9L57,15.9L45,16c0-3.4,1.6-5.4,4.9-5.9C54.8,9.3,57.4,14.2,57,15.9z M71.9,15.9L71.9,15.9L60,16c-0.2-3.7,1.5-5.7,4.9-6C70,9.6,72.4,14.2,71.9,15.9z M82.2,10c3.4,0.3,5,2.3,4.8,6H75.3C74,13,77.1,9.6,82.2,10zM101.9,15.9L101.9,15.9L90,16c-0.2-3.7,1.5-5.7,4.9-6C100,9.6,102.4,14.2,101.9,15.9z M112.1,10.1c2.7,0.5,4.3,2.5,4.9,5.9h-11.9l0,0C104.5,14.4,108,9.3,112.1,10.1z&#039;\/%3E%3C\/svg%3E&quot;);\">\n\t\t\t<span class=\"elementor-divider-separator\">\n\t\t\t\t\t\t<\/span>\n\t\t<\/div>\n\t\t\t\t\t\t<\/div>\n\t\t\t\t<\/div>\n\t\t\t\t\t<\/div>\n\t\t\t\t<\/div>\n\t\t<div data-particle_enable=\"false\" data-particle-mobile-disabled=\"false\" class=\"elementor-element elementor-element-d1542d7 e-flex e-con-boxed e-con e-parent\" data-id=\"d1542d7\" data-element_type=\"container\" data-e-type=\"container\">\n\t\t\t\t\t<div class=\"e-con-inner\">\n\t\t<div data-particle_enable=\"false\" data-particle-mobile-disabled=\"false\" class=\"elementor-element elementor-element-76a99bf e-con-full e-flex e-con e-child\" data-id=\"76a99bf\" data-element_type=\"container\" data-e-type=\"container\">\n\t\t<div data-particle_enable=\"false\" data-particle-mobile-disabled=\"false\" class=\"elementor-element elementor-element-2672d50 e-con-full e-flex e-con e-child\" data-id=\"2672d50\" data-element_type=\"container\" data-e-type=\"container\" data-settings=\"{&quot;background_background&quot;:&quot;classic&quot;}\">\n\t\t\t\t<div class=\"elementor-element elementor-element-c7a9fea dce_masking-none elementor-widget elementor-widget-image\" data-id=\"c7a9fea\" data-element_type=\"widget\" data-e-type=\"widget\" data-widget_type=\"image.default\">\n\t\t\t\t<div class=\"elementor-widget-container\">\n\t\t\t\t\t\t\t\t\t\t\t\t<figure class=\"wp-caption\">\n\t\t\t\t\t\t\t\t\t\t<img decoding=\"async\" src=\"https:\/\/caminodelospilones.com\/wp-content\/uploads\/elementor\/thumbs\/4.-Postal-feria-e1728572528924-qvcwz1d0q5f1oevmn2adiwi6p35arb1cduainm9pjc.jpg\" title=\"4. Postal feria\" alt=\"4. Postal feria\" loading=\"lazy\" \/>\t\t\t\t\t\t\t\t\t\t\t<figcaption class=\"widget-image-caption wp-caption-text\">Foire aux bestiaux de Cantavieja. Carte postale du d\u00e9but du 20e si\u00e8cle. <\/figcaption>\n\t\t\t\t\t\t\t\t\t\t<\/figure>\n\t\t\t\t\t\t\t\t\t<\/div>\n\t\t\t\t<\/div>\n\t\t\t\t<\/div>\n\t\t\t\t<div class=\"elementor-element elementor-element-c4f8d23 elementor-widget elementor-widget-heading\" data-id=\"c4f8d23\" data-element_type=\"widget\" data-e-type=\"widget\" data-widget_type=\"heading.default\">\n\t\t\t\t<div class=\"elementor-widget-container\">\n\t\t\t\t\t<h2 class=\"elementor-heading-title elementor-size-default\">Activit\u00e9 \u00e9conomique li\u00e9e \u00e0 l'\u00e9levage<\/h2>\t\t\t\t<\/div>\n\t\t\t\t<\/div>\n\t\t\t\t<div class=\"elementor-element elementor-element-b9b9a53 elementor-widget elementor-widget-text-editor\" data-id=\"b9b9a53\" data-element_type=\"widget\" data-e-type=\"widget\" data-widget_type=\"text-editor.default\">\n\t\t\t\t<div class=\"elementor-widget-container\">\n\t\t\t\t\t\t\t\t\t<p>Outre les privil\u00e8ges n\u00e9cessaires au d\u00e9veloppement de l&rsquo;\u00e9levage transhumant, d&rsquo;autres privil\u00e8ges ont \u00e9t\u00e9 \u00e9tablis d\u00e8s la conqu\u00eate et ont jet\u00e9 les bases d&rsquo;une dynamisation du commerce dans la r\u00e9gion par la tenue de march\u00e9s et de foires.<\/p>\n<p>Les march\u00e9s se tenaient dans les principales villes du territoire &#8211; Aliaga (\u00e0 partir de 1196), Cantavieja (1225), Sant Mateu (1243), Morella (1257), Monrollo (1258), Castellote (1268) et Mirambel (1292) &#8211; et avaient lieu chaque semaine et servaient \u00e0 commercialiser les surplus agricoles des paysans.<br \/>Les foires se tenaient dans les villes les plus importantes &#8211; Sant Mateu (\u00e0 partir de 1255), Morella (1257), Valderrobres (1308), Mosqueruela (1366) et Monroyo (1382) &#8211; et avaient g\u00e9n\u00e9ralement lieu tous les ans. Les marchands des principaux centres urbains de la Couronne d&rsquo;Aragon et de diff\u00e9rentes villes de la M\u00e9diterran\u00e9e occidentale y assistaient \u00e0 la recherche de diff\u00e9rents produits, parmi lesquels la laine pr\u00e9sentait un int\u00e9r\u00eat particulier, car elle servait \u00e0 approvisionner les puissantes industries textiles de leurs lieux d&rsquo;origine. Certains propri\u00e9taires agricoles poss\u00e9daient de grands troupeaux qu&rsquo;ils vendaient \u00e0 d&rsquo;autres agriculteurs dans le cadre de contrats de \u00ab\u00a0medianer\u00eda\u00a0\u00bb. Ils obtenaient ainsi une grande quantit\u00e9 de laine qu&rsquo;ils achetaient \u00e0 l&rsquo;avance, plusieurs mois avant la tonte. En outre, certains de ces grands propri\u00e9taires terriens contr\u00f4laient et stimulaient l&rsquo;activit\u00e9 artisanale sur le territoire.    <\/p>\n\t\t\t\t\t\t\t\t<\/div>\n\t\t\t\t<\/div>\n\t\t\t\t<\/div>\n\t\t<div data-particle_enable=\"false\" data-particle-mobile-disabled=\"false\" class=\"elementor-element elementor-element-929e35d e-con-full e-flex e-con e-child\" data-id=\"929e35d\" data-element_type=\"container\" data-e-type=\"container\">\n\t\t<div data-particle_enable=\"false\" data-particle-mobile-disabled=\"false\" class=\"elementor-element elementor-element-e706e39 e-con-full e-flex e-con e-child\" data-id=\"e706e39\" data-element_type=\"container\" data-e-type=\"container\" data-settings=\"{&quot;background_background&quot;:&quot;classic&quot;}\">\n\t\t\t\t<div class=\"elementor-element elementor-element-84fd1e5 dce_masking-none elementor-widget elementor-widget-image\" data-id=\"84fd1e5\" data-element_type=\"widget\" data-e-type=\"widget\" data-widget_type=\"image.default\">\n\t\t\t\t<div class=\"elementor-widget-container\">\n\t\t\t\t\t\t\t\t\t\t\t\t<figure class=\"wp-caption\">\n\t\t\t\t\t\t\t\t\t\t<img decoding=\"async\" src=\"https:\/\/caminodelospilones.com\/wp-content\/uploads\/elementor\/thumbs\/4_Pastores-qv1xbdwx56xlbckrk60br8ldj0ahsgq8qb9p3th1mw.jpg\" title=\"4_Pastores\" alt=\"4_Pastores\" loading=\"lazy\" \/>\t\t\t\t\t\t\t\t\t\t\t<figcaption class=\"widget-image-caption wp-caption-text\">Groupe de bergers au d\u00e9but du 20e si\u00e8cle.<\/figcaption>\n\t\t\t\t\t\t\t\t\t\t<\/figure>\n\t\t\t\t\t\t\t\t\t<\/div>\n\t\t\t\t<\/div>\n\t\t\t\t<\/div>\n\t\t\t\t<div class=\"elementor-element elementor-element-a2a304a elementor-widget elementor-widget-heading\" data-id=\"a2a304a\" data-element_type=\"widget\" data-e-type=\"widget\" data-widget_type=\"heading.default\">\n\t\t\t\t<div class=\"elementor-widget-container\">\n\t\t\t\t\t<h2 class=\"elementor-heading-title elementor-size-default\">Conflits li\u00e9s \u00e0 l'utilisation des p\u00e2turages<\/h2>\t\t\t\t<\/div>\n\t\t\t\t<\/div>\n\t\t\t\t<div class=\"elementor-element elementor-element-317a362 elementor-widget elementor-widget-text-editor\" data-id=\"317a362\" data-element_type=\"widget\" data-e-type=\"widget\" data-widget_type=\"text-editor.default\">\n\t\t\t\t<div class=\"elementor-widget-container\">\n\t\t\t\t\t\t\t\t\t<p>Malgr\u00e9 les privil\u00e8ges et concessions royales accord\u00e9s pour encourager le d\u00e9veloppement de l&rsquo;\u00e9levage transhumant, ce syst\u00e8me n&rsquo;\u00e9tait pas exempt de conflits. Ainsi, d\u00e8s le milieu du XIIIe si\u00e8cle, la concurrence entre les diff\u00e9rentes localit\u00e9s pour le contr\u00f4le des p\u00e2turages est d\u00e9j\u00e0 manifeste. Les communaut\u00e9s rurales ont contribu\u00e9 \u00e0 fa\u00e7onner les zones et les droits d&rsquo;\u00e9levage dans leurs localit\u00e9s respectives et ont \u00e9tabli des mesures de protection en d\u00e9limitant des zones d&rsquo;usage commun qui n&rsquo;\u00e9taient accessibles qu&rsquo;\u00e0 leurs habitants. Les boalares et les dehesas ont \u00e9t\u00e9 cr\u00e9\u00e9s, des espaces ferm\u00e9s au b\u00e9tail \u00e9tranger, et diff\u00e9rents accords ont \u00e9t\u00e9 \u00e9tablis entre les territoires pour favoriser le transit du b\u00e9tail et \u00e9tendre les zones d&rsquo;obtention des p\u00e2turages.   <\/p>\n\t\t\t\t\t\t\t\t<\/div>\n\t\t\t\t<\/div>\n\t\t\t\t<\/div>\n\t\t\t\t\t<\/div>\n\t\t\t\t<\/div>\n\t\t<div data-particle_enable=\"false\" data-particle-mobile-disabled=\"false\" class=\"elementor-element elementor-element-1d7eaf4 e-flex e-con-boxed e-con e-parent\" data-id=\"1d7eaf4\" data-element_type=\"container\" data-e-type=\"container\">\n\t\t\t\t\t<div class=\"e-con-inner\">\n\t\t\t\t<div class=\"elementor-element elementor-element-f403a46 elementor-widget-divider--separator-type-pattern elementor-widget-divider--no-spacing elementor-widget-divider--view-line elementor-widget elementor-widget-divider\" data-id=\"f403a46\" data-element_type=\"widget\" data-e-type=\"widget\" data-widget_type=\"divider.default\">\n\t\t\t\t<div class=\"elementor-widget-container\">\n\t\t\t\t\t\t\t<div class=\"elementor-divider\" style=\"--divider-pattern-url: url(&quot;data:image\/svg+xml,%3Csvg xmlns=&#039;http:\/\/www.w3.org\/2000\/svg&#039; preserveAspectRatio=&#039;xMidYMid meet&#039; overflow=&#039;visible&#039; height=&#039;100%&#039; viewBox=&#039;0 0 120 26&#039; fill=&#039;black&#039; stroke=&#039;none&#039;%3E%3Cpath d=&#039;M11.9,15.9L11.9,15.9L0,16c-0.2-3.7,1.5-5.7,4.9-6C10,9.6,12.4,14.2,11.9,15.9zM26.9,15.9L26.9,15.9L15,16c0.5-3.7,2.5-5.7,5.9-6C26,9.6,27.4,14.2,26.9,15.9z M37.1,10c3.4,0.3,5.1,2.3,4.9,6H30.1C29.5,14.4,31.9,9.6,37.1,10z M57,15.9L57,15.9L45,16c0-3.4,1.6-5.4,4.9-5.9C54.8,9.3,57.4,14.2,57,15.9z M71.9,15.9L71.9,15.9L60,16c-0.2-3.7,1.5-5.7,4.9-6C70,9.6,72.4,14.2,71.9,15.9z M82.2,10c3.4,0.3,5,2.3,4.8,6H75.3C74,13,77.1,9.6,82.2,10zM101.9,15.9L101.9,15.9L90,16c-0.2-3.7,1.5-5.7,4.9-6C100,9.6,102.4,14.2,101.9,15.9z M112.1,10.1c2.7,0.5,4.3,2.5,4.9,5.9h-11.9l0,0C104.5,14.4,108,9.3,112.1,10.1z&#039;\/%3E%3C\/svg%3E&quot;);\">\n\t\t\t<span class=\"elementor-divider-separator\">\n\t\t\t\t\t\t<\/span>\n\t\t<\/div>\n\t\t\t\t\t\t<\/div>\n\t\t\t\t<\/div>\n\t\t\t\t\t<\/div>\n\t\t\t\t<\/div>\n\t\t<div data-particle_enable=\"false\" data-particle-mobile-disabled=\"false\" class=\"elementor-element elementor-element-9521fb1 e-flex e-con-boxed e-con e-parent\" data-id=\"9521fb1\" data-element_type=\"container\" data-e-type=\"container\">\n\t\t\t\t\t<div class=\"e-con-inner\">\n\t\t\t\t<div class=\"elementor-element elementor-element-a9684fe elementor-widget elementor-widget-heading\" data-id=\"a9684fe\" data-element_type=\"widget\" data-e-type=\"widget\" data-widget_type=\"heading.default\">\n\t\t\t\t<div class=\"elementor-widget-container\">\n\t\t\t\t\t<h2 class=\"elementor-heading-title elementor-size-default\">La cour des bergers : le ligallo<\/h2>\t\t\t\t<\/div>\n\t\t\t\t<\/div>\n\t\t\t\t<div class=\"elementor-element elementor-element-c8936a8 elementor-widget elementor-widget-text-editor\" data-id=\"c8936a8\" data-element_type=\"widget\" data-e-type=\"widget\" data-widget_type=\"text-editor.default\">\n\t\t\t\t<div class=\"elementor-widget-container\">\n\t\t\t\t\t\t\t\t\t<p class=\"p1\">Les Ligallos \u00e9taient des organisations particuli\u00e8res ou des tribunaux \u00e0 caract\u00e8re communautaire d&rsquo;origine m\u00e9di\u00e9vale, charg\u00e9s de r\u00e9glementer le commerce et de d\u00e9fendre les int\u00e9r\u00eats des bergers.<\/p>\n<p class=\"p1\">Le mot ligallo vient du latin \u00ab\u00a0ligare\u00a0\u00bb, qui signifie \u00ab\u00a0unir, rassembler\u00a0\u00bb. \u00c0 l&rsquo;origine m\u00e9di\u00e9vale, ces tribunaux r\u00e9unissaient les \u00e9leveurs d&rsquo;une localit\u00e9 ou d&rsquo;un territoire au moins deux fois par an pour r\u00e9glementer le retour du b\u00e9tail perdu ou \u00e9gar\u00e9. Au fil des ans, sur le territoire du Maestrazgo, leurs comp\u00e9tences se sont \u00e9tendues \u00e0 des questions telles que les litiges concernant les contrats avec les bergers, la surveillance et le contr\u00f4le des abreuvoirs et des mangeoires ou la d\u00e9fense des membres dans les proc\u00e8s visant \u00e0 faire respecter leurs privil\u00e8ges de p\u00e2turage, formant ainsi un organe repr\u00e9sentatif et puissant par rapport \u00e0 d&rsquo;autres secteurs.  <\/p>\n\t\t\t\t\t\t\t\t<\/div>\n\t\t\t\t<\/div>\n\t\t\t\t\t<\/div>\n\t\t\t\t<\/div>\n\t\t<div data-particle_enable=\"false\" data-particle-mobile-disabled=\"false\" class=\"elementor-element elementor-element-9fff601 e-flex e-con-boxed e-con e-parent\" data-id=\"9fff601\" data-element_type=\"container\" data-e-type=\"container\">\n\t\t\t\t\t<div class=\"e-con-inner\">\n\t\t<div data-particle_enable=\"false\" data-particle-mobile-disabled=\"false\" class=\"elementor-element elementor-element-6a20397 e-con-full e-flex e-con e-child\" data-id=\"6a20397\" data-element_type=\"container\" data-e-type=\"container\" data-settings=\"{&quot;background_background&quot;:&quot;classic&quot;}\">\n\t\t\t\t<div class=\"elementor-element elementor-element-b380fc8 elementor-widget elementor-widget-heading\" data-id=\"b380fc8\" data-element_type=\"widget\" data-e-type=\"widget\" data-widget_type=\"heading.default\">\n\t\t\t\t<div class=\"elementor-widget-container\">\n\t\t\t\t\t<h2 class=\"elementor-heading-title elementor-size-default\">Bibliographie<\/h2>\t\t\t\t<\/div>\n\t\t\t\t<\/div>\n\t\t\t\t<div class=\"elementor-element elementor-element-040111b elementor-widget elementor-widget-text-editor\" data-id=\"040111b\" data-element_type=\"widget\" data-e-type=\"widget\" data-widget_type=\"text-editor.default\">\n\t\t\t\t<div class=\"elementor-widget-container\">\n\t\t\t\t\t\t\t\t\t<p class=\"p1\">BRANCHAT, V., \u00ab\u00a0Tratado de los derechos y regal\u00edas que corresponden al Real Patrimonio en el Reyno de Valencia y de la jurisdicci\u00f3n del intendente como subrogado en lugar del antiguo bayle general\u00a0\u00bb, Valencia, MDCCLXXXIV, \u00e9dition en fac-simil\u00e9, Valencia, MCMXC.<\/p>\n<p class=\"p1\">FARN\u00d3S, \u00c0lex (coord.) \u00ab\u00a0Cuadernos de la transhumancia n.\u00ba 14. G\u00fadar-Maestrazgo\u00a0\u00bb. ICONA, \u00e9d. 1993.   <\/p>\n<p class=\"p1\">RABASSA VAQUER, C. \u00ab\u00a0Puntualitzacions sobre la instituci\u00f3 del ligallo. El ligallo de Culla\u00a0\u00bb, Millars, XV, 1992.<\/p>\n<p class=\"p1\">ROYO P\u00c9REZ, Vicent (coord.) \u00ab\u00a0Cuando el Maestrazgo levant\u00f3 sus palacios. Soci\u00e9t\u00e9, architecture et art \u00e0 l&rsquo;\u00e9poque m\u00e9di\u00e9vale et moderne\u00a0\u00bb. Comarca del Maestrazgo, 2022.  <\/p>\n\t\t\t\t\t\t\t\t<\/div>\n\t\t\t\t<\/div>\n\t\t\t\t<\/div>\n\t\t\t\t\t<\/div>\n\t\t\t\t<\/div>\n\t\t<div data-particle_enable=\"false\" data-particle-mobile-disabled=\"false\" class=\"elementor-element elementor-element-8e91988 e-flex e-con-boxed e-con e-parent\" data-id=\"8e91988\" data-element_type=\"container\" data-e-type=\"container\">\n\t\t\t\t\t<div class=\"e-con-inner\">\n\t\t\t\t<div class=\"elementor-element elementor-element-8cc582b elementor-widget elementor-widget-spacer\" data-id=\"8cc582b\" data-element_type=\"widget\" data-e-type=\"widget\" data-widget_type=\"spacer.default\">\n\t\t\t\t<div class=\"elementor-widget-container\">\n\t\t\t\t\t\t\t<div class=\"elementor-spacer\">\n\t\t\t<div class=\"elementor-spacer-inner\"><\/div>\n\t\t<\/div>\n\t\t\t\t\t\t<\/div>\n\t\t\t\t<\/div>\n\t\t\t\t\t<\/div>\n\t\t\t\t<\/div>\n\t\t\t\t<\/div>\n\t\t","protected":false},"excerpt":{"rendered":"<p>Histoire de la route Transhumance Depuis le Moyen \u00c2ge, les montagnes du G\u00fadar-Maestrazgo abritent un important cheptel qui transhume vers les terres de la c\u00f4te valencienne. Les bergers suivaient diff\u00e9rents itin\u00e9raires sur des chemins, des sentiers et des azagadores, profitant de la compl\u00e9mentarit\u00e9 climatique offerte par les diff\u00e9rents territoires en fonction de l&rsquo;\u00e9poque de l&rsquo;ann\u00e9e. [&hellip;]<\/p>\n","protected":false},"author":1,"featured_media":0,"parent":0,"menu_order":0,"comment_status":"closed","ping_status":"closed","template":"","meta":{"_acf_changed":false,"footnotes":""},"class_list":["post-1376","page","type-page","status-publish","hentry"],"acf":[],"yoast_head":"<!-- This site is optimized with the Yoast SEO plugin v27.3 - https:\/\/yoast.com\/product\/yoast-seo-wordpress\/ -->\n<title>Transhumance - Camino de los Pilones<\/title>\n<meta name=\"robots\" content=\"index, follow, max-snippet:-1, max-image-preview:large, max-video-preview:-1\" \/>\n<link rel=\"canonical\" href=\"https:\/\/caminodelospilones.com\/fr\/transhumance\/\" \/>\n<meta property=\"og:locale\" content=\"fr_FR\" \/>\n<meta property=\"og:type\" content=\"article\" \/>\n<meta property=\"og:title\" content=\"Transhumance - Camino de los Pilones\" \/>\n<meta property=\"og:description\" content=\"Histoire de la route Transhumance Depuis le Moyen \u00c2ge, les montagnes du G\u00fadar-Maestrazgo abritent un important cheptel qui transhume vers les terres de la c\u00f4te valencienne. Les bergers suivaient diff\u00e9rents itin\u00e9raires sur des chemins, des sentiers et des azagadores, profitant de la compl\u00e9mentarit\u00e9 climatique offerte par les diff\u00e9rents territoires en fonction de l&rsquo;\u00e9poque de l&rsquo;ann\u00e9e. [&hellip;]\" \/>\n<meta property=\"og:url\" content=\"https:\/\/caminodelospilones.com\/fr\/transhumance\/\" \/>\n<meta property=\"og:site_name\" content=\"Camino de los Pilones\" \/>\n<meta property=\"article:modified_time\" content=\"2024-10-31T15:53:56+00:00\" \/>\n<meta property=\"og:image\" content=\"https:\/\/caminodelospilones.com\/wp-content\/uploads\/2024\/10\/HOSPEDERIA-IGLESUELA-FINALS-30-1024x683.jpg\" \/>\n<meta name=\"twitter:card\" content=\"summary_large_image\" \/>\n<meta name=\"twitter:label1\" content=\"Dur\u00e9e de lecture estim\u00e9e\" \/>\n\t<meta name=\"twitter:data1\" content=\"5 minutes\" \/>\n<script type=\"application\/ld+json\" class=\"yoast-schema-graph\">{\"@context\":\"https:\\\/\\\/schema.org\",\"@graph\":[{\"@type\":\"WebPage\",\"@id\":\"https:\\\/\\\/caminodelospilones.com\\\/fr\\\/transhumance\\\/\",\"url\":\"https:\\\/\\\/caminodelospilones.com\\\/fr\\\/transhumance\\\/\",\"name\":\"Transhumance - Camino de los Pilones\",\"isPartOf\":{\"@id\":\"https:\\\/\\\/caminodelospilones.com\\\/#website\"},\"primaryImageOfPage\":{\"@id\":\"https:\\\/\\\/caminodelospilones.com\\\/fr\\\/transhumance\\\/#primaryimage\"},\"image\":{\"@id\":\"https:\\\/\\\/caminodelospilones.com\\\/fr\\\/transhumance\\\/#primaryimage\"},\"thumbnailUrl\":\"https:\\\/\\\/caminodelospilones.com\\\/wp-content\\\/uploads\\\/2024\\\/10\\\/HOSPEDERIA-IGLESUELA-FINALS-30-1024x683.jpg\",\"datePublished\":\"2024-10-04T10:41:35+00:00\",\"dateModified\":\"2024-10-31T15:53:56+00:00\",\"breadcrumb\":{\"@id\":\"https:\\\/\\\/caminodelospilones.com\\\/fr\\\/transhumance\\\/#breadcrumb\"},\"inLanguage\":\"fr-FR\",\"potentialAction\":[{\"@type\":\"ReadAction\",\"target\":[\"https:\\\/\\\/caminodelospilones.com\\\/fr\\\/transhumance\\\/\"]}]},{\"@type\":\"ImageObject\",\"inLanguage\":\"fr-FR\",\"@id\":\"https:\\\/\\\/caminodelospilones.com\\\/fr\\\/transhumance\\\/#primaryimage\",\"url\":\"https:\\\/\\\/caminodelospilones.com\\\/wp-content\\\/uploads\\\/2024\\\/10\\\/HOSPEDERIA-IGLESUELA-FINALS-30-1024x683.jpg\",\"contentUrl\":\"https:\\\/\\\/caminodelospilones.com\\\/wp-content\\\/uploads\\\/2024\\\/10\\\/HOSPEDERIA-IGLESUELA-FINALS-30-1024x683.jpg\"},{\"@type\":\"BreadcrumbList\",\"@id\":\"https:\\\/\\\/caminodelospilones.com\\\/fr\\\/transhumance\\\/#breadcrumb\",\"itemListElement\":[{\"@type\":\"ListItem\",\"position\":1,\"name\":\"Portada\",\"item\":\"https:\\\/\\\/caminodelospilones.com\\\/fr\\\/accueil\\\/\"},{\"@type\":\"ListItem\",\"position\":2,\"name\":\"Transhumance\"}]},{\"@type\":\"WebSite\",\"@id\":\"https:\\\/\\\/caminodelospilones.com\\\/#website\",\"url\":\"https:\\\/\\\/caminodelospilones.com\\\/\",\"name\":\"Camino de los Pilones\",\"description\":\"\",\"publisher\":{\"@id\":\"https:\\\/\\\/caminodelospilones.com\\\/#organization\"},\"potentialAction\":[{\"@type\":\"SearchAction\",\"target\":{\"@type\":\"EntryPoint\",\"urlTemplate\":\"https:\\\/\\\/caminodelospilones.com\\\/?s={search_term_string}\"},\"query-input\":{\"@type\":\"PropertyValueSpecification\",\"valueRequired\":true,\"valueName\":\"search_term_string\"}}],\"inLanguage\":\"fr-FR\"},{\"@type\":\"Organization\",\"@id\":\"https:\\\/\\\/caminodelospilones.com\\\/#organization\",\"name\":\"Camino de los Pilones\",\"url\":\"https:\\\/\\\/caminodelospilones.com\\\/\",\"logo\":{\"@type\":\"ImageObject\",\"inLanguage\":\"fr-FR\",\"@id\":\"https:\\\/\\\/caminodelospilones.com\\\/#\\\/schema\\\/logo\\\/image\\\/\",\"url\":\"https:\\\/\\\/caminodelospilones.com\\\/wp-content\\\/uploads\\\/2024\\\/08\\\/PILONES-LOGO_Mesa-de-trabajo-1-copia-2.png\",\"contentUrl\":\"https:\\\/\\\/caminodelospilones.com\\\/wp-content\\\/uploads\\\/2024\\\/08\\\/PILONES-LOGO_Mesa-de-trabajo-1-copia-2.png\",\"width\":1458,\"height\":424,\"caption\":\"Camino de los Pilones\"},\"image\":{\"@id\":\"https:\\\/\\\/caminodelospilones.com\\\/#\\\/schema\\\/logo\\\/image\\\/\"}}]}<\/script>\n<!-- \/ Yoast SEO plugin. -->","yoast_head_json":{"title":"Transhumance - Camino de los Pilones","robots":{"index":"index","follow":"follow","max-snippet":"max-snippet:-1","max-image-preview":"max-image-preview:large","max-video-preview":"max-video-preview:-1"},"canonical":"https:\/\/caminodelospilones.com\/fr\/transhumance\/","og_locale":"fr_FR","og_type":"article","og_title":"Transhumance - Camino de los Pilones","og_description":"Histoire de la route Transhumance Depuis le Moyen \u00c2ge, les montagnes du G\u00fadar-Maestrazgo abritent un important cheptel qui transhume vers les terres de la c\u00f4te valencienne. Les bergers suivaient diff\u00e9rents itin\u00e9raires sur des chemins, des sentiers et des azagadores, profitant de la compl\u00e9mentarit\u00e9 climatique offerte par les diff\u00e9rents territoires en fonction de l&rsquo;\u00e9poque de l&rsquo;ann\u00e9e. [&hellip;]","og_url":"https:\/\/caminodelospilones.com\/fr\/transhumance\/","og_site_name":"Camino de los Pilones","article_modified_time":"2024-10-31T15:53:56+00:00","og_image":[{"url":"https:\/\/caminodelospilones.com\/wp-content\/uploads\/2024\/10\/HOSPEDERIA-IGLESUELA-FINALS-30-1024x683.jpg","type":"","width":"","height":""}],"twitter_card":"summary_large_image","twitter_misc":{"Dur\u00e9e de lecture estim\u00e9e":"5 minutes"},"schema":{"@context":"https:\/\/schema.org","@graph":[{"@type":"WebPage","@id":"https:\/\/caminodelospilones.com\/fr\/transhumance\/","url":"https:\/\/caminodelospilones.com\/fr\/transhumance\/","name":"Transhumance - Camino de los Pilones","isPartOf":{"@id":"https:\/\/caminodelospilones.com\/#website"},"primaryImageOfPage":{"@id":"https:\/\/caminodelospilones.com\/fr\/transhumance\/#primaryimage"},"image":{"@id":"https:\/\/caminodelospilones.com\/fr\/transhumance\/#primaryimage"},"thumbnailUrl":"https:\/\/caminodelospilones.com\/wp-content\/uploads\/2024\/10\/HOSPEDERIA-IGLESUELA-FINALS-30-1024x683.jpg","datePublished":"2024-10-04T10:41:35+00:00","dateModified":"2024-10-31T15:53:56+00:00","breadcrumb":{"@id":"https:\/\/caminodelospilones.com\/fr\/transhumance\/#breadcrumb"},"inLanguage":"fr-FR","potentialAction":[{"@type":"ReadAction","target":["https:\/\/caminodelospilones.com\/fr\/transhumance\/"]}]},{"@type":"ImageObject","inLanguage":"fr-FR","@id":"https:\/\/caminodelospilones.com\/fr\/transhumance\/#primaryimage","url":"https:\/\/caminodelospilones.com\/wp-content\/uploads\/2024\/10\/HOSPEDERIA-IGLESUELA-FINALS-30-1024x683.jpg","contentUrl":"https:\/\/caminodelospilones.com\/wp-content\/uploads\/2024\/10\/HOSPEDERIA-IGLESUELA-FINALS-30-1024x683.jpg"},{"@type":"BreadcrumbList","@id":"https:\/\/caminodelospilones.com\/fr\/transhumance\/#breadcrumb","itemListElement":[{"@type":"ListItem","position":1,"name":"Portada","item":"https:\/\/caminodelospilones.com\/fr\/accueil\/"},{"@type":"ListItem","position":2,"name":"Transhumance"}]},{"@type":"WebSite","@id":"https:\/\/caminodelospilones.com\/#website","url":"https:\/\/caminodelospilones.com\/","name":"Camino de los Pilones","description":"","publisher":{"@id":"https:\/\/caminodelospilones.com\/#organization"},"potentialAction":[{"@type":"SearchAction","target":{"@type":"EntryPoint","urlTemplate":"https:\/\/caminodelospilones.com\/?s={search_term_string}"},"query-input":{"@type":"PropertyValueSpecification","valueRequired":true,"valueName":"search_term_string"}}],"inLanguage":"fr-FR"},{"@type":"Organization","@id":"https:\/\/caminodelospilones.com\/#organization","name":"Camino de los Pilones","url":"https:\/\/caminodelospilones.com\/","logo":{"@type":"ImageObject","inLanguage":"fr-FR","@id":"https:\/\/caminodelospilones.com\/#\/schema\/logo\/image\/","url":"https:\/\/caminodelospilones.com\/wp-content\/uploads\/2024\/08\/PILONES-LOGO_Mesa-de-trabajo-1-copia-2.png","contentUrl":"https:\/\/caminodelospilones.com\/wp-content\/uploads\/2024\/08\/PILONES-LOGO_Mesa-de-trabajo-1-copia-2.png","width":1458,"height":424,"caption":"Camino de los Pilones"},"image":{"@id":"https:\/\/caminodelospilones.com\/#\/schema\/logo\/image\/"}}]}},"_links":{"self":[{"href":"https:\/\/caminodelospilones.com\/fr\/wp-json\/wp\/v2\/pages\/1376","targetHints":{"allow":["GET"]}}],"collection":[{"href":"https:\/\/caminodelospilones.com\/fr\/wp-json\/wp\/v2\/pages"}],"about":[{"href":"https:\/\/caminodelospilones.com\/fr\/wp-json\/wp\/v2\/types\/page"}],"author":[{"embeddable":true,"href":"https:\/\/caminodelospilones.com\/fr\/wp-json\/wp\/v2\/users\/1"}],"replies":[{"embeddable":true,"href":"https:\/\/caminodelospilones.com\/fr\/wp-json\/wp\/v2\/comments?post=1376"}],"version-history":[{"count":1,"href":"https:\/\/caminodelospilones.com\/fr\/wp-json\/wp\/v2\/pages\/1376\/revisions"}],"predecessor-version":[{"id":1378,"href":"https:\/\/caminodelospilones.com\/fr\/wp-json\/wp\/v2\/pages\/1376\/revisions\/1378"}],"wp:attachment":[{"href":"https:\/\/caminodelospilones.com\/fr\/wp-json\/wp\/v2\/media?parent=1376"}],"curies":[{"name":"wp","href":"https:\/\/api.w.org\/{rel}","templated":true}]}}