{"id":1384,"date":"2024-10-04T12:17:21","date_gmt":"2024-10-04T10:17:21","guid":{"rendered":"https:\/\/caminodelospilones.com\/lindustrie-et-le-commerce-de-la-laine\/"},"modified":"2024-10-31T16:53:56","modified_gmt":"2024-10-31T15:53:56","slug":"lindustrie-et-le-commerce-de-la-laine","status":"publish","type":"page","link":"https:\/\/caminodelospilones.com\/fr\/lindustrie-et-le-commerce-de-la-laine\/","title":{"rendered":"L&rsquo;industrie et le commerce de la laine"},"content":{"rendered":"\t\t<div data-elementor-type=\"wp-page\" data-elementor-id=\"1384\" class=\"elementor elementor-1384 elementor-502\" data-elementor-post-type=\"page\">\n\t\t\t\t<div data-particle_enable=\"false\" data-particle-mobile-disabled=\"false\" class=\"elementor-element elementor-element-c066725 e-flex e-con-boxed e-con e-parent\" data-id=\"c066725\" data-element_type=\"container\" data-e-type=\"container\" data-settings=\"{&quot;background_background&quot;:&quot;classic&quot;}\">\n\t\t\t\t\t<div class=\"e-con-inner\">\n\t\t<div data-particle_enable=\"false\" data-particle-mobile-disabled=\"false\" class=\"elementor-element elementor-element-8b550b7 e-con-full e-flex e-con e-child\" data-id=\"8b550b7\" data-element_type=\"container\" data-e-type=\"container\">\n\t\t\t\t<div class=\"elementor-element elementor-element-8697cd9 elementor-position-inline-start elementor-view-default elementor-mobile-position-block-start elementor-widget elementor-widget-icon-box\" data-id=\"8697cd9\" data-element_type=\"widget\" data-e-type=\"widget\" data-widget_type=\"icon-box.default\">\n\t\t\t\t<div class=\"elementor-widget-container\">\n\t\t\t\t\t\t\t<div class=\"elementor-icon-box-wrapper\">\n\n\t\t\t\t\t\t<div class=\"elementor-icon-box-icon\">\n\t\t\t\t<a href=\"https:\/\/caminodelospilones.com\/historia-del-camino\/\" class=\"elementor-icon\" tabindex=\"-1\" aria-label=\"Histoire de la route\">\n\t\t\t\t<svg aria-hidden=\"true\" class=\"e-font-icon-svg e-fas-arrow-left\" viewBox=\"0 0 448 512\" xmlns=\"http:\/\/www.w3.org\/2000\/svg\"><path d=\"M257.5 445.1l-22.2 22.2c-9.4 9.4-24.6 9.4-33.9 0L7 273c-9.4-9.4-9.4-24.6 0-33.9L201.4 44.7c9.4-9.4 24.6-9.4 33.9 0l22.2 22.2c9.5 9.5 9.3 25-.4 34.3L136.6 216H424c13.3 0 24 10.7 24 24v32c0 13.3-10.7 24-24 24H136.6l120.5 114.8c9.8 9.3 10 24.8.4 34.3z\"><\/path><\/svg>\t\t\t\t<\/a>\n\t\t\t<\/div>\n\t\t\t\n\t\t\t\t\t\t<div class=\"elementor-icon-box-content\">\n\n\t\t\t\t\t\t\t\t\t<h3 class=\"elementor-icon-box-title\">\n\t\t\t\t\t\t<a href=\"https:\/\/caminodelospilones.com\/historia-del-camino\/\" >\n\t\t\t\t\t\t\tHistoire de la route\t\t\t\t\t\t<\/a>\n\t\t\t\t\t<\/h3>\n\t\t\t\t\n\t\t\t\t\n\t\t\t<\/div>\n\t\t\t\n\t\t<\/div>\n\t\t\t\t\t\t<\/div>\n\t\t\t\t<\/div>\n\t\t\t\t<div class=\"elementor-element elementor-element-94334da elementor-widget elementor-widget-heading\" data-id=\"94334da\" data-element_type=\"widget\" data-e-type=\"widget\" data-widget_type=\"heading.default\">\n\t\t\t\t<div class=\"elementor-widget-container\">\n\t\t\t\t\t<h2 class=\"elementor-heading-title elementor-size-default\">L'industrie et le commerce de la laine<\/h2>\t\t\t\t<\/div>\n\t\t\t\t<\/div>\n\t\t\t\t<div class=\"elementor-element elementor-element-2f36821 elementor-widget elementor-widget-text-editor\" data-id=\"2f36821\" data-element_type=\"widget\" data-e-type=\"widget\" data-widget_type=\"text-editor.default\">\n\t\t\t\t<div class=\"elementor-widget-container\">\n\t\t\t\t\t\t\t\t\t<p>Depuis la fin du Moyen \u00c2ge, la sortie des mati\u00e8res premi\u00e8res et des produits manufactur\u00e9s vers les diff\u00e9rents circuits commerciaux s&rsquo;effectuait par d&rsquo;\u00e9troites voies cavali\u00e8res telles que les pilones. Cet itin\u00e9raire reliait les villages des hautes montagnes de G\u00fadar-Maestrazgo, o\u00f9 la production de laine \u00e9tait intense. <\/p>\n\t\t\t\t\t\t\t\t<\/div>\n\t\t\t\t<\/div>\n\t\t\t\t<\/div>\n\t\t\t\t\t<\/div>\n\t\t\t\t<\/div>\n\t\t<div data-particle_enable=\"false\" data-particle-mobile-disabled=\"false\" class=\"elementor-element elementor-element-9475e6a e-flex e-con-boxed e-con e-parent\" data-id=\"9475e6a\" data-element_type=\"container\" data-e-type=\"container\">\n\t\t\t\t\t<div class=\"e-con-inner\">\n\t\t\t\t<div class=\"elementor-element elementor-element-bb6517f elementor-widget elementor-widget-spacer\" data-id=\"bb6517f\" data-element_type=\"widget\" data-e-type=\"widget\" data-widget_type=\"spacer.default\">\n\t\t\t\t<div class=\"elementor-widget-container\">\n\t\t\t\t\t\t\t<div class=\"elementor-spacer\">\n\t\t\t<div class=\"elementor-spacer-inner\"><\/div>\n\t\t<\/div>\n\t\t\t\t\t\t<\/div>\n\t\t\t\t<\/div>\n\t\t\t\t\t<\/div>\n\t\t\t\t<\/div>\n\t\t<div data-particle_enable=\"false\" data-particle-mobile-disabled=\"false\" class=\"elementor-element elementor-element-b685cc3 e-flex e-con-boxed e-con e-parent\" data-id=\"b685cc3\" data-element_type=\"container\" data-e-type=\"container\">\n\t\t\t\t\t<div class=\"e-con-inner\">\n\t\t\t\t<div class=\"elementor-element elementor-element-67f0d5d elementor-widget elementor-widget-heading\" data-id=\"67f0d5d\" data-element_type=\"widget\" data-e-type=\"widget\" data-widget_type=\"heading.default\">\n\t\t\t\t<div class=\"elementor-widget-container\">\n\t\t\t\t\t<h2 class=\"elementor-heading-title elementor-size-default\">Laine du Maestrazgo<\/h2>\t\t\t\t<\/div>\n\t\t\t\t<\/div>\n\t\t<div data-particle_enable=\"false\" data-particle-mobile-disabled=\"false\" class=\"elementor-element elementor-element-b896d77 e-con-full e-flex e-con e-child\" data-id=\"b896d77\" data-element_type=\"container\" data-e-type=\"container\">\n\t\t<div data-particle_enable=\"false\" data-particle-mobile-disabled=\"false\" class=\"elementor-element elementor-element-6de56fe e-con-full e-flex e-con e-child\" data-id=\"6de56fe\" data-element_type=\"container\" data-e-type=\"container\">\n\t\t\t\t<div class=\"elementor-element elementor-element-2c315dc dce_masking-none elementor-widget elementor-widget-image\" data-id=\"2c315dc\" data-element_type=\"widget\" data-e-type=\"widget\" data-widget_type=\"image.default\">\n\t\t\t\t<div class=\"elementor-widget-container\">\n\t\t\t\t\t\t\t\t\t\t\t\t<figure class=\"wp-caption\">\n\t\t\t\t\t\t\t\t\t\t<img fetchpriority=\"high\" decoding=\"async\" width=\"800\" height=\"763\" src=\"https:\/\/caminodelospilones.com\/wp-content\/uploads\/2024\/10\/la-lana-del-maestrazgo.png\" class=\"attachment-large size-large wp-image-1307\" alt=\"\" srcset=\"https:\/\/caminodelospilones.com\/wp-content\/uploads\/2024\/10\/la-lana-del-maestrazgo.png 864w, https:\/\/caminodelospilones.com\/wp-content\/uploads\/2024\/10\/la-lana-del-maestrazgo-300x286.png 300w, https:\/\/caminodelospilones.com\/wp-content\/uploads\/2024\/10\/la-lana-del-maestrazgo-768x732.png 768w\" sizes=\"(max-width: 800px) 100vw, 800px\" \/>\t\t\t\t\t\t\t\t\t\t\t<figcaption class=\"widget-image-caption wp-caption-text\">Gravure de Gustave Dor\u00e9, 1862.<\/figcaption>\n\t\t\t\t\t\t\t\t\t\t<\/figure>\n\t\t\t\t\t\t\t\t\t<\/div>\n\t\t\t\t<\/div>\n\t\t\t\t<\/div>\n\t\t<div data-particle_enable=\"false\" data-particle-mobile-disabled=\"false\" class=\"elementor-element elementor-element-87ac442 e-con-full e-flex e-con e-child\" data-id=\"87ac442\" data-element_type=\"container\" data-e-type=\"container\">\n\t\t\t\t<div class=\"elementor-element elementor-element-9099213 elementor-widget elementor-widget-text-editor\" data-id=\"9099213\" data-element_type=\"widget\" data-e-type=\"widget\" data-widget_type=\"text-editor.default\">\n\t\t\t\t<div class=\"elementor-widget-container\">\n\t\t\t\t\t\t\t\t\t<p>Le secteur \u00e9conomique le plus important qui s&rsquo;est d\u00e9velopp\u00e9 dans le Maestrazgo \u00e0 la fin du Moyen \u00c2ge et \u00e0 l&rsquo;\u00e9poque moderne \u00e9tait l&rsquo;agriculture et l&rsquo;\u00e9levage. L&rsquo;existence de grands troupeaux de moutons, gr\u00e2ce \u00e0 l&rsquo;octroi de privil\u00e8ges et de concessions sp\u00e9ciales aux \u00e9leveurs, a permis de produire de grandes quantit\u00e9s de laine qui ont \u00e9t\u00e9 export\u00e9es vers les puissantes industries textiles de diff\u00e9rentes villes de la M\u00e9diterran\u00e9e occidentale, principalement en France, en Italie, aux Pays-Bas et en Angleterre. <\/p>\n<p>Ainsi, le d\u00e9veloppement de l&rsquo;industrie textile et la sp\u00e9cialisation du territoire qui s&rsquo;est d\u00e9velopp\u00e9e en parall\u00e8le ont \u00e9t\u00e9 conditionn\u00e9s par l&rsquo;orographie m\u00eame de la r\u00e9gion, avec de grands centres de production \u00e0 c\u00f4t\u00e9 de petits centres de production dispers\u00e9s. En raison des conditions climatiques rigoureuses de l&rsquo;hiver, les habitants de la r\u00e9gion ont profit\u00e9 de l&rsquo;exc\u00e9dent de laine pour fabriquer sur leurs m\u00e9tiers \u00e0 tisser, pendant les mois les plus froids, diff\u00e9rents produits tels que des draps, des toiles, des cordellates ou des estame\u00f1as. Plus tard, durant les mois les plus chauds, ces produits \u00e9taient commercialis\u00e9s sur une vaste zone g\u00e9ographique.  <\/p>\n<p>Ainsi, l&rsquo;industrie textile a \u00e9t\u00e9 une activit\u00e9 importante qui a permis, \u00e0 certaines p\u00e9riodes, un essor d\u00e9mographique de la r\u00e9gion plus important que ne l&rsquo;aurait permis une \u00e9conomie agricole traditionnelle.<\/p>\n\t\t\t\t\t\t\t\t<\/div>\n\t\t\t\t<\/div>\n\t\t\t\t<\/div>\n\t\t\t\t<\/div>\n\t\t\t\t\t<\/div>\n\t\t\t\t<\/div>\n\t\t<div data-particle_enable=\"false\" data-particle-mobile-disabled=\"false\" class=\"elementor-element elementor-element-a288b70 e-flex e-con-boxed e-con e-parent\" data-id=\"a288b70\" data-element_type=\"container\" data-e-type=\"container\">\n\t\t\t\t\t<div class=\"e-con-inner\">\n\t\t\t\t<div class=\"elementor-element elementor-element-a59479f elementor-widget-divider--separator-type-pattern elementor-widget-divider--no-spacing elementor-widget-divider--view-line elementor-widget elementor-widget-divider\" data-id=\"a59479f\" data-element_type=\"widget\" data-e-type=\"widget\" data-widget_type=\"divider.default\">\n\t\t\t\t<div class=\"elementor-widget-container\">\n\t\t\t\t\t\t\t<div class=\"elementor-divider\" style=\"--divider-pattern-url: url(&quot;data:image\/svg+xml,%3Csvg xmlns=&#039;http:\/\/www.w3.org\/2000\/svg&#039; preserveAspectRatio=&#039;xMidYMid meet&#039; overflow=&#039;visible&#039; height=&#039;100%&#039; viewBox=&#039;0 0 120 26&#039; fill=&#039;black&#039; stroke=&#039;none&#039;%3E%3Cpath d=&#039;M11.9,15.9L11.9,15.9L0,16c-0.2-3.7,1.5-5.7,4.9-6C10,9.6,12.4,14.2,11.9,15.9zM26.9,15.9L26.9,15.9L15,16c0.5-3.7,2.5-5.7,5.9-6C26,9.6,27.4,14.2,26.9,15.9z M37.1,10c3.4,0.3,5.1,2.3,4.9,6H30.1C29.5,14.4,31.9,9.6,37.1,10z M57,15.9L57,15.9L45,16c0-3.4,1.6-5.4,4.9-5.9C54.8,9.3,57.4,14.2,57,15.9z M71.9,15.9L71.9,15.9L60,16c-0.2-3.7,1.5-5.7,4.9-6C70,9.6,72.4,14.2,71.9,15.9z M82.2,10c3.4,0.3,5,2.3,4.8,6H75.3C74,13,77.1,9.6,82.2,10zM101.9,15.9L101.9,15.9L90,16c-0.2-3.7,1.5-5.7,4.9-6C100,9.6,102.4,14.2,101.9,15.9z M112.1,10.1c2.7,0.5,4.3,2.5,4.9,5.9h-11.9l0,0C104.5,14.4,108,9.3,112.1,10.1z&#039;\/%3E%3C\/svg%3E&quot;);\">\n\t\t\t<span class=\"elementor-divider-separator\">\n\t\t\t\t\t\t<\/span>\n\t\t<\/div>\n\t\t\t\t\t\t<\/div>\n\t\t\t\t<\/div>\n\t\t\t\t\t<\/div>\n\t\t\t\t<\/div>\n\t\t<div data-particle_enable=\"false\" data-particle-mobile-disabled=\"false\" class=\"elementor-element elementor-element-6a9dd41 e-flex e-con-boxed e-con e-parent\" data-id=\"6a9dd41\" data-element_type=\"container\" data-e-type=\"container\">\n\t\t\t\t\t<div class=\"e-con-inner\">\n\t\t<div data-particle_enable=\"false\" data-particle-mobile-disabled=\"false\" class=\"elementor-element elementor-element-5af0d93 e-con-full e-flex e-con e-child\" data-id=\"5af0d93\" data-element_type=\"container\" data-e-type=\"container\">\n\t\t<div data-particle_enable=\"false\" data-particle-mobile-disabled=\"false\" class=\"elementor-element elementor-element-07b1fff e-con-full e-flex e-con e-child\" data-id=\"07b1fff\" data-element_type=\"container\" data-e-type=\"container\">\n\t\t\t\t<div class=\"elementor-element elementor-element-78980db dce_masking-none elementor-widget elementor-widget-image\" data-id=\"78980db\" data-element_type=\"widget\" data-e-type=\"widget\" data-widget_type=\"image.default\">\n\t\t\t\t<div class=\"elementor-widget-container\">\n\t\t\t\t\t\t\t\t\t\t\t\t<figure class=\"wp-caption\">\n\t\t\t\t\t\t\t\t\t\t<img decoding=\"async\" width=\"800\" height=\"759\" src=\"https:\/\/caminodelospilones.com\/wp-content\/uploads\/2024\/10\/La-lana.png\" class=\"attachment-large size-large wp-image-1309\" alt=\"\" srcset=\"https:\/\/caminodelospilones.com\/wp-content\/uploads\/2024\/10\/La-lana.png 941w, https:\/\/caminodelospilones.com\/wp-content\/uploads\/2024\/10\/La-lana-300x285.png 300w, https:\/\/caminodelospilones.com\/wp-content\/uploads\/2024\/10\/La-lana-768x729.png 768w\" sizes=\"(max-width: 800px) 100vw, 800px\" \/>\t\t\t\t\t\t\t\t\t\t\t<figcaption class=\"widget-image-caption wp-caption-text\">Hilandera (Cantavieja). Collection de photographies Grao Matesanz. CEMAT.  <\/figcaption>\n\t\t\t\t\t\t\t\t\t\t<\/figure>\n\t\t\t\t\t\t\t\t\t<\/div>\n\t\t\t\t<\/div>\n\t\t\t\t<\/div>\n\t\t<div data-particle_enable=\"false\" data-particle-mobile-disabled=\"false\" class=\"elementor-element elementor-element-64e6bbd e-con-full e-flex e-con e-child\" data-id=\"64e6bbd\" data-element_type=\"container\" data-e-type=\"container\">\n\t\t\t\t<div class=\"elementor-element elementor-element-01b699e elementor-widget elementor-widget-heading\" data-id=\"01b699e\" data-element_type=\"widget\" data-e-type=\"widget\" data-widget_type=\"heading.default\">\n\t\t\t\t<div class=\"elementor-widget-container\">\n\t\t\t\t\t<h2 class=\"elementor-heading-title elementor-size-default\">Centres de production textile<\/h2>\t\t\t\t<\/div>\n\t\t\t\t<\/div>\n\t\t\t\t<div class=\"elementor-element elementor-element-4aa739a elementor-widget elementor-widget-text-editor\" data-id=\"4aa739a\" data-element_type=\"widget\" data-e-type=\"widget\" data-widget_type=\"text-editor.default\">\n\t\t\t\t<div class=\"elementor-widget-container\">\n\t\t\t\t\t\t\t\t\t<p class=\"p1\">Dans le Maestrazgo, il existait diff\u00e9rents centres de production textile situ\u00e9s dans les villes dispers\u00e9es sur l&rsquo;ensemble du territoire, avec un grand nombre de personnes se consacrant \u00e0 cette industrie. Dans certaines villes, il existait des guildes sp\u00e9cifiques de pelaires et de tisserands, chacune ayant sa propre organisation et r\u00e9gie par des surveillants et des clavaires, des personnes charg\u00e9es de contr\u00f4ler la production, la qualit\u00e9 et les prix des produits. <\/p>\n<p class=\"p1\">\u00c0 Villarroya de los Pinares, en 1582, le roi Philippe II a accord\u00e9 un privil\u00e8ge aux pelaires et aux tisserands locaux, \u00e9tablissant ainsi les m\u00e9tiers de la guilde. Chacune avait sa propre organisation et \u00e9tait plac\u00e9e sous le patronage de Nuestra Se\u00f1ora de la Expectaci\u00f3n del Parto et de Santa Luc\u00eda, avec des festivit\u00e9s les 13 et 18 d\u00e9cembre. Au service des deux guildes, il y avait un moulin \u00e0 foulon sur la rivi\u00e8re Guadalope.  <\/p>\n<p class=\"p1\">Outre les ventes aux particuliers, des commandes \u00e9taient \u00e9galement pass\u00e9es pour l&rsquo;arm\u00e9e. En effet, tout au long du XVIIIe si\u00e8cle, les pelaires et les tisserands de Villarroya de los Pinares ont \u00e9t\u00e9 charg\u00e9s de confectionner diverses pi\u00e8ces pour l&rsquo;habillement des troupes de l&rsquo;arm\u00e9e. <\/p>\n\t\t\t\t\t\t\t\t<\/div>\n\t\t\t\t<\/div>\n\t\t\t\t<\/div>\n\t\t\t\t<\/div>\n\t\t\t\t\t<\/div>\n\t\t\t\t<\/div>\n\t\t<div data-particle_enable=\"false\" data-particle-mobile-disabled=\"false\" class=\"elementor-element elementor-element-3eb8f8a e-flex e-con-boxed e-con e-parent\" data-id=\"3eb8f8a\" data-element_type=\"container\" data-e-type=\"container\">\n\t\t\t\t\t<div class=\"e-con-inner\">\n\t\t\t\t<div class=\"elementor-element elementor-element-37d8f3e elementor-widget-divider--separator-type-pattern elementor-widget-divider--no-spacing elementor-widget-divider--view-line elementor-widget elementor-widget-divider\" data-id=\"37d8f3e\" data-element_type=\"widget\" data-e-type=\"widget\" data-widget_type=\"divider.default\">\n\t\t\t\t<div class=\"elementor-widget-container\">\n\t\t\t\t\t\t\t<div class=\"elementor-divider\" style=\"--divider-pattern-url: url(&quot;data:image\/svg+xml,%3Csvg xmlns=&#039;http:\/\/www.w3.org\/2000\/svg&#039; preserveAspectRatio=&#039;xMidYMid meet&#039; overflow=&#039;visible&#039; height=&#039;100%&#039; viewBox=&#039;0 0 120 26&#039; fill=&#039;black&#039; stroke=&#039;none&#039;%3E%3Cpath d=&#039;M11.9,15.9L11.9,15.9L0,16c-0.2-3.7,1.5-5.7,4.9-6C10,9.6,12.4,14.2,11.9,15.9zM26.9,15.9L26.9,15.9L15,16c0.5-3.7,2.5-5.7,5.9-6C26,9.6,27.4,14.2,26.9,15.9z M37.1,10c3.4,0.3,5.1,2.3,4.9,6H30.1C29.5,14.4,31.9,9.6,37.1,10z M57,15.9L57,15.9L45,16c0-3.4,1.6-5.4,4.9-5.9C54.8,9.3,57.4,14.2,57,15.9z M71.9,15.9L71.9,15.9L60,16c-0.2-3.7,1.5-5.7,4.9-6C70,9.6,72.4,14.2,71.9,15.9z M82.2,10c3.4,0.3,5,2.3,4.8,6H75.3C74,13,77.1,9.6,82.2,10zM101.9,15.9L101.9,15.9L90,16c-0.2-3.7,1.5-5.7,4.9-6C100,9.6,102.4,14.2,101.9,15.9z M112.1,10.1c2.7,0.5,4.3,2.5,4.9,5.9h-11.9l0,0C104.5,14.4,108,9.3,112.1,10.1z&#039;\/%3E%3C\/svg%3E&quot;);\">\n\t\t\t<span class=\"elementor-divider-separator\">\n\t\t\t\t\t\t<\/span>\n\t\t<\/div>\n\t\t\t\t\t\t<\/div>\n\t\t\t\t<\/div>\n\t\t\t\t\t<\/div>\n\t\t\t\t<\/div>\n\t\t<div data-particle_enable=\"false\" data-particle-mobile-disabled=\"false\" class=\"elementor-element elementor-element-d1542d7 e-flex e-con-boxed e-con e-parent\" data-id=\"d1542d7\" data-element_type=\"container\" data-e-type=\"container\">\n\t\t\t\t\t<div class=\"e-con-inner\">\n\t\t<div data-particle_enable=\"false\" data-particle-mobile-disabled=\"false\" class=\"elementor-element elementor-element-76a99bf e-con-full e-flex e-con e-child\" data-id=\"76a99bf\" data-element_type=\"container\" data-e-type=\"container\">\n\t\t<div data-particle_enable=\"false\" data-particle-mobile-disabled=\"false\" class=\"elementor-element elementor-element-2672d50 e-con-full e-flex e-con e-child\" data-id=\"2672d50\" data-element_type=\"container\" data-e-type=\"container\" data-settings=\"{&quot;background_background&quot;:&quot;classic&quot;}\">\n\t\t\t\t<div class=\"elementor-element elementor-element-c7a9fea dce_masking-none elementor-widget elementor-widget-image\" data-id=\"c7a9fea\" data-element_type=\"widget\" data-e-type=\"widget\" data-widget_type=\"image.default\">\n\t\t\t\t<div class=\"elementor-widget-container\">\n\t\t\t\t\t\t\t\t\t\t\t\t<figure class=\"wp-caption\">\n\t\t\t\t\t\t\t\t\t\t<img decoding=\"async\" src=\"https:\/\/caminodelospilones.com\/wp-content\/uploads\/elementor\/thumbs\/2_Casa-Aliaga-10-qv1wh6dnhvku6iggylwz4d12876tensswsgwuo9jm0.jpg\" title=\"2_Casa-Aliaga-10\" alt=\"2_Casa-Aliaga-10\" loading=\"lazy\" \/>\t\t\t\t\t\t\t\t\t\t\t<figcaption class=\"widget-image-caption wp-caption-text\">Avant-toit de la Casa Aliaga \u00e0 La Iglesuela del Cid.<\/figcaption>\n\t\t\t\t\t\t\t\t\t\t<\/figure>\n\t\t\t\t\t\t\t\t\t<\/div>\n\t\t\t\t<\/div>\n\t\t\t\t<\/div>\n\t\t\t\t<div class=\"elementor-element elementor-element-5d25972 elementor-widget elementor-widget-spacer\" data-id=\"5d25972\" data-element_type=\"widget\" data-e-type=\"widget\" data-widget_type=\"spacer.default\">\n\t\t\t\t<div class=\"elementor-widget-container\">\n\t\t\t\t\t\t\t<div class=\"elementor-spacer\">\n\t\t\t<div class=\"elementor-spacer-inner\"><\/div>\n\t\t<\/div>\n\t\t\t\t\t\t<\/div>\n\t\t\t\t<\/div>\n\t\t\t\t<div class=\"elementor-element elementor-element-c4f8d23 elementor-widget elementor-widget-heading\" data-id=\"c4f8d23\" data-element_type=\"widget\" data-e-type=\"widget\" data-widget_type=\"heading.default\">\n\t\t\t\t<div class=\"elementor-widget-container\">\n\t\t\t\t\t<h2 class=\"elementor-heading-title elementor-size-default\">Une soci\u00e9t\u00e9 \u00e0 la crois\u00e9e des chemins entre le Moyen \u00c2ge et l'\u00e8re moderne<\/h2>\t\t\t\t<\/div>\n\t\t\t\t<\/div>\n\t\t\t\t<div class=\"elementor-element elementor-element-b9b9a53 elementor-widget elementor-widget-text-editor\" data-id=\"b9b9a53\" data-element_type=\"widget\" data-e-type=\"widget\" data-widget_type=\"text-editor.default\">\n\t\t\t\t<div class=\"elementor-widget-container\">\n\t\t\t\t\t\t\t\t\t<p>Dans les premiers temps qui ont suivi la conqu\u00eate chr\u00e9tienne, une soci\u00e9t\u00e9 a commenc\u00e9 \u00e0 se former sur le territoire du Maestrazgo, dans laquelle la majeure partie de la population \u00e9tait compos\u00e9e de paysans, qui travaillaient la terre et le b\u00e9tail. Il y avait aussi des artisans et des marchands sp\u00e9cialis\u00e9s dans la production et le commerce de la laine et des tissus, des notaires, des eccl\u00e9siastiques et des familles de la petite noblesse. <\/p>\n<p>Les \u00e9lites rurales poss\u00e9daient d&rsquo;importantes propri\u00e9t\u00e9s agricoles et contr\u00f4laient l&rsquo;exploitation directe de l&rsquo;\u00e9levage ovin, combinant ces activit\u00e9s avec le commerce des textiles et le pr\u00eat d&rsquo;argent \u00e0 int\u00e9r\u00eat. La crise subie entre le milieu du XIVe si\u00e8cle et la fin du XVe si\u00e8cle en raison de p\u00e9riodes de famine, d&rsquo;\u00e9pid\u00e9mies de peste et de guerres a entra\u00een\u00e9 un d\u00e9clin d\u00e9mographique important dans la r\u00e9gion. \u00c0 partir du XVIe si\u00e8cle, une nouvelle p\u00e9riode de prosp\u00e9rit\u00e9 s&rsquo;ouvre, au cours de laquelle certains membres des oligarchies locales construisent les imposants palais que l&rsquo;on peut encore voir dans les centres urbains monumentaux des villes et villages du Maestrazgo.  <\/p>\n\t\t\t\t\t\t\t\t<\/div>\n\t\t\t\t<\/div>\n\t\t\t\t<\/div>\n\t\t<div data-particle_enable=\"false\" data-particle-mobile-disabled=\"false\" class=\"elementor-element elementor-element-929e35d e-con-full e-flex e-con e-child\" data-id=\"929e35d\" data-element_type=\"container\" data-e-type=\"container\">\n\t\t<div data-particle_enable=\"false\" data-particle-mobile-disabled=\"false\" class=\"elementor-element elementor-element-e706e39 e-con-full e-flex e-con e-child\" data-id=\"e706e39\" data-element_type=\"container\" data-e-type=\"container\" data-settings=\"{&quot;background_background&quot;:&quot;classic&quot;}\">\n\t\t\t\t<div class=\"elementor-element elementor-element-84fd1e5 dce_masking-none elementor-widget elementor-widget-image\" data-id=\"84fd1e5\" data-element_type=\"widget\" data-e-type=\"widget\" data-widget_type=\"image.default\">\n\t\t\t\t<div class=\"elementor-widget-container\">\n\t\t\t\t\t\t\t\t\t\t\t\t<figure class=\"wp-caption\">\n\t\t\t\t\t\t\t\t\t\t<img decoding=\"async\" src=\"https:\/\/caminodelospilones.com\/wp-content\/uploads\/elementor\/thumbs\/2-ALTO-Y-TRAGO-GISBERT-JIMENO-qv1wh89bvjnetqdqnmq89cjzeyxju209l1rvt86r9k.jpg\" title=\"2-ALTO Y TRAGO-GISBERT JIMENO\" alt=\"2-ALTO Y TRAGO-GISBERT JIMENO\" loading=\"lazy\" \/>\t\t\t\t\t\t\t\t\t\t\t<figcaption class=\"widget-image-caption wp-caption-text\">\"Alto y trago de arrieros aragoneses\" de Salvador Gisbert Jimeno. Collection d'art rural de Cajamar Caja. <\/figcaption>\n\t\t\t\t\t\t\t\t\t\t<\/figure>\n\t\t\t\t\t\t\t\t\t<\/div>\n\t\t\t\t<\/div>\n\t\t\t\t<\/div>\n\t\t\t\t<div class=\"elementor-element elementor-element-a2a304a elementor-widget elementor-widget-heading\" data-id=\"a2a304a\" data-element_type=\"widget\" data-e-type=\"widget\" data-widget_type=\"heading.default\">\n\t\t\t\t<div class=\"elementor-widget-container\">\n\t\t\t\t\t<h2 class=\"elementor-heading-title elementor-size-default\">Circuler sur des routes \u00e9troites<\/h2>\t\t\t\t<\/div>\n\t\t\t\t<\/div>\n\t\t\t\t<div class=\"elementor-element elementor-element-dc51e6d elementor-widget elementor-widget-text-editor\" data-id=\"dc51e6d\" data-element_type=\"widget\" data-e-type=\"widget\" data-widget_type=\"text-editor.default\">\n\t\t\t\t<div class=\"elementor-widget-container\">\n\t\t\t\t\t\t\t\t\t<p>Les hautes montagnes de G\u00fadar-Maestrazgo \u00e9taient un point de transit pour de nombreux produits. Le bl\u00e9 et la laine \u00e9taient produits dans la r\u00e9gion, et cette derni\u00e8re \u00e9tait transform\u00e9e en produits manufactur\u00e9s. Tout cela \u00e9tait export\u00e9 vers d&rsquo;autres lieux o\u00f9 l&rsquo;on se procurait les produits qui manquaient dans la r\u00e9gion. Ce syst\u00e8me g\u00e9n\u00e9rait donc un important transit de personnes, de marchandises et d&rsquo;animaux. Ces routes \u00e9taient parcourues \u00e0 pied ou avec des animaux de b\u00e2t. En raison de leur robustesse, de leur taille et de leur r\u00e9sistance, les mules (croisement d&rsquo;une jument et d&rsquo;un \u00e2ne ou d&rsquo;une \u00e2nesse) \u00e9taient g\u00e9n\u00e9ralement utilis\u00e9es, des animaux conduits par des transporteurs professionnels ou par des personnes qui alternaient cette activit\u00e9 avec d&rsquo;autres.     <\/p>\n<p>Ces routes n&rsquo;\u00e9taient pas sans risques. En effet, l&rsquo;un des risques les plus redout\u00e9s \u00e9tait l&rsquo;existence de bandits, de bandits de grand chemin et d&rsquo;hommes de mauvaise vie qui rendaient le transit entre les villages difficile. <\/p>\n<p>Le banditisme a \u00e9t\u00e9 particuli\u00e8rement intense entre le XVIe et le XVIIIe si\u00e8cle dans ces zones montagneuses, une situation qui a oblig\u00e9 \u00e0 d\u00e9clarer un \u00e9tat d&rsquo;exception pour les bayl\u00edas d&rsquo;Aliaga, Cantavieja et Castellote, o\u00f9 des peines plus s\u00e9v\u00e8res que celles du fuero aragonais ont \u00e9t\u00e9 appliqu\u00e9es.<\/p>\n\t\t\t\t\t\t\t\t<\/div>\n\t\t\t\t<\/div>\n\t\t\t\t<\/div>\n\t\t\t\t\t<\/div>\n\t\t\t\t<\/div>\n\t\t<div data-particle_enable=\"false\" data-particle-mobile-disabled=\"false\" class=\"elementor-element elementor-element-aabe630 e-flex e-con-boxed e-con e-parent\" data-id=\"aabe630\" data-element_type=\"container\" data-e-type=\"container\">\n\t\t\t\t\t<div class=\"e-con-inner\">\n\t\t\t\t<div class=\"elementor-element elementor-element-94eeca8 elementor-widget elementor-widget-text-editor\" data-id=\"94eeca8\" data-element_type=\"widget\" data-e-type=\"widget\" data-widget_type=\"text-editor.default\">\n\t\t\t\t<div class=\"elementor-widget-container\">\n\t\t\t\t\t\t\t\t\t<p>Dans les documents qui nous sont parvenus, le banditisme, le vagabondage et la formation de bandes dans les montagnes et sur les routes font l&rsquo;objet d&rsquo;une mention sp\u00e9ciale. Ceux qui fabriquaient, vendaient ou r\u00e9paraient des armes pour les bandits ou leur donnaient de la nourriture \u00e9taient \u00e9galement punis, \u00e0 l&rsquo;exception de ceux qui \u00e9taient contraints de le faire et qui \u00e9taient d\u00e9nonc\u00e9s \u00e0 la justice ou aux jur\u00e9s de la ville. <\/p>\n<p>Les groupes de bandits \u00e9taient constitu\u00e9s des personnes les plus d\u00e9favoris\u00e9es, des paysans pauvres ou des personnes mal int\u00e9gr\u00e9es dans la soci\u00e9t\u00e9. Le banditisme prolif\u00e8re en p\u00e9riode de faible production agricole, de guerre et de conflit, et touche particuli\u00e8rement les zones de relief difficile, les routes commerciales et les zones frontali\u00e8res o\u00f9 ils peuvent se r\u00e9fugier. <\/p>\n\t\t\t\t\t\t\t\t<\/div>\n\t\t\t\t<\/div>\n\t\t\t\t\t<\/div>\n\t\t\t\t<\/div>\n\t\t<div data-particle_enable=\"false\" data-particle-mobile-disabled=\"false\" class=\"elementor-element elementor-element-9fff601 e-flex e-con-boxed e-con e-parent\" data-id=\"9fff601\" data-element_type=\"container\" data-e-type=\"container\">\n\t\t\t\t\t<div class=\"e-con-inner\">\n\t\t<div data-particle_enable=\"false\" data-particle-mobile-disabled=\"false\" class=\"elementor-element elementor-element-6a20397 e-con-full e-flex e-con e-child\" data-id=\"6a20397\" data-element_type=\"container\" data-e-type=\"container\" data-settings=\"{&quot;background_background&quot;:&quot;classic&quot;}\">\n\t\t\t\t<div class=\"elementor-element elementor-element-b380fc8 elementor-widget elementor-widget-heading\" data-id=\"b380fc8\" data-element_type=\"widget\" data-e-type=\"widget\" data-widget_type=\"heading.default\">\n\t\t\t\t<div class=\"elementor-widget-container\">\n\t\t\t\t\t<h2 class=\"elementor-heading-title elementor-size-default\">Bibliographie<\/h2>\t\t\t\t<\/div>\n\t\t\t\t<\/div>\n\t\t\t\t<div class=\"elementor-element elementor-element-040111b elementor-widget elementor-widget-text-editor\" data-id=\"040111b\" data-element_type=\"widget\" data-e-type=\"widget\" data-widget_type=\"text-editor.default\">\n\t\t\t\t<div class=\"elementor-widget-container\">\n\t\t\t\t\t\t\t\t\t<p class=\"p1\">ASSO, Ignacio de, \u00ab\u00a0Historia de la econom\u00eda pol\u00edtica de Arag\u00f3n\u00a0\u00bb, Zaragoza, 1798, (prologue et index par Jos\u00e9 Manuel Casas Torres), Zaragoza, CSIC, 1947.<\/p>\n<p class=\"p1\">FEBRER ROMAGUERA, Manuel Vicente ; SANCHIS ALFONSO, Jos\u00e9 Ram\u00f3n, \u00ab\u00a0La configuraci\u00f3n del dominio feudal de la Orden de San Juan del Hospital en las Bail\u00edas de Aliaga, Cantavieja y Castellote (siglos XII-XIX), Villarroya de los Pinares, Ayuntamiento de Villarroya de los Pinares, 2003.<\/p>\n<p class=\"p1\">MADOZ, Pascual, \u00ab\u00a0Diccionario Geogr\u00e1fico-Estad\u00edstico-Hist\u00f3rico de Espa\u00f1a y sus posesiones de ultramar\u00a0\u00bb, Madrid, 1845-1850.<\/p>\n<p class=\"p1\">PEIR\u00d3 ARROYO, Antonio. \u00ab\u00a0Le temps de l&rsquo;industrie. Las Tierras Altas turolenses, de la riqueza a la despoblaci\u00f3n\u00a0\u00bb. Zaragoza. CEDDAR-IET, 2000.   <\/p>\n<p class=\"p1\">ROYO P\u00c9REZ, Vicent (coord.) \u00ab\u00a0Cuando el Maestrazgo levant\u00f3 sus palacios. Soci\u00e9t\u00e9, architecture et art \u00e0 l&rsquo;\u00e9poque m\u00e9di\u00e9vale et moderne\u00a0\u00bb. Comarca del Maestrazgo, 2022.  <\/p>\n\t\t\t\t\t\t\t\t<\/div>\n\t\t\t\t<\/div>\n\t\t\t\t<\/div>\n\t\t\t\t\t<\/div>\n\t\t\t\t<\/div>\n\t\t<div data-particle_enable=\"false\" data-particle-mobile-disabled=\"false\" class=\"elementor-element elementor-element-5e44f0d e-flex e-con-boxed e-con e-parent\" data-id=\"5e44f0d\" data-element_type=\"container\" data-e-type=\"container\">\n\t\t\t\t\t<div class=\"e-con-inner\">\n\t\t\t\t<div class=\"elementor-element elementor-element-a63d96d elementor-widget elementor-widget-spacer\" data-id=\"a63d96d\" data-element_type=\"widget\" data-e-type=\"widget\" data-widget_type=\"spacer.default\">\n\t\t\t\t<div class=\"elementor-widget-container\">\n\t\t\t\t\t\t\t<div class=\"elementor-spacer\">\n\t\t\t<div class=\"elementor-spacer-inner\"><\/div>\n\t\t<\/div>\n\t\t\t\t\t\t<\/div>\n\t\t\t\t<\/div>\n\t\t\t\t\t<\/div>\n\t\t\t\t<\/div>\n\t\t\t\t<\/div>\n\t\t","protected":false},"excerpt":{"rendered":"<p>Histoire de la route L&rsquo;industrie et le commerce de la laine Depuis la fin du Moyen \u00c2ge, la sortie des mati\u00e8res premi\u00e8res et des produits manufactur\u00e9s vers les diff\u00e9rents circuits commerciaux s&rsquo;effectuait par d&rsquo;\u00e9troites voies cavali\u00e8res telles que les pilones. Cet itin\u00e9raire reliait les villages des hautes montagnes de G\u00fadar-Maestrazgo, o\u00f9 la production de laine [&hellip;]<\/p>\n","protected":false},"author":1,"featured_media":0,"parent":0,"menu_order":0,"comment_status":"closed","ping_status":"closed","template":"","meta":{"_acf_changed":false,"footnotes":""},"class_list":["post-1384","page","type-page","status-publish","hentry"],"acf":[],"yoast_head":"<!-- This site is optimized with the Yoast SEO plugin v27.3 - https:\/\/yoast.com\/product\/yoast-seo-wordpress\/ -->\n<title>L&#039;industrie et le commerce de la laine - Camino de los Pilones<\/title>\n<meta name=\"robots\" content=\"index, follow, max-snippet:-1, max-image-preview:large, max-video-preview:-1\" \/>\n<link rel=\"canonical\" href=\"https:\/\/caminodelospilones.com\/fr\/lindustrie-et-le-commerce-de-la-laine\/\" \/>\n<meta property=\"og:locale\" content=\"fr_FR\" \/>\n<meta property=\"og:type\" content=\"article\" \/>\n<meta property=\"og:title\" content=\"L&#039;industrie et le commerce de la laine - Camino de los Pilones\" \/>\n<meta property=\"og:description\" content=\"Histoire de la route L&rsquo;industrie et le commerce de la laine Depuis la fin du Moyen \u00c2ge, la sortie des mati\u00e8res premi\u00e8res et des produits manufactur\u00e9s vers les diff\u00e9rents circuits commerciaux s&rsquo;effectuait par d&rsquo;\u00e9troites voies cavali\u00e8res telles que les pilones. Cet itin\u00e9raire reliait les villages des hautes montagnes de G\u00fadar-Maestrazgo, o\u00f9 la production de laine [&hellip;]\" \/>\n<meta property=\"og:url\" content=\"https:\/\/caminodelospilones.com\/fr\/lindustrie-et-le-commerce-de-la-laine\/\" \/>\n<meta property=\"og:site_name\" content=\"Camino de los Pilones\" \/>\n<meta property=\"article:modified_time\" content=\"2024-10-31T15:53:56+00:00\" \/>\n<meta property=\"og:image\" content=\"https:\/\/caminodelospilones.com\/wp-content\/uploads\/2024\/10\/la-lana-del-maestrazgo.png\" \/>\n<meta name=\"twitter:card\" content=\"summary_large_image\" \/>\n<meta name=\"twitter:label1\" content=\"Dur\u00e9e de lecture estim\u00e9e\" \/>\n\t<meta name=\"twitter:data1\" content=\"6 minutes\" \/>\n<script type=\"application\/ld+json\" class=\"yoast-schema-graph\">{\"@context\":\"https:\\\/\\\/schema.org\",\"@graph\":[{\"@type\":\"WebPage\",\"@id\":\"https:\\\/\\\/caminodelospilones.com\\\/fr\\\/lindustrie-et-le-commerce-de-la-laine\\\/\",\"url\":\"https:\\\/\\\/caminodelospilones.com\\\/fr\\\/lindustrie-et-le-commerce-de-la-laine\\\/\",\"name\":\"L'industrie et le commerce de la laine - Camino de los Pilones\",\"isPartOf\":{\"@id\":\"https:\\\/\\\/caminodelospilones.com\\\/#website\"},\"primaryImageOfPage\":{\"@id\":\"https:\\\/\\\/caminodelospilones.com\\\/fr\\\/lindustrie-et-le-commerce-de-la-laine\\\/#primaryimage\"},\"image\":{\"@id\":\"https:\\\/\\\/caminodelospilones.com\\\/fr\\\/lindustrie-et-le-commerce-de-la-laine\\\/#primaryimage\"},\"thumbnailUrl\":\"https:\\\/\\\/caminodelospilones.com\\\/wp-content\\\/uploads\\\/2024\\\/10\\\/la-lana-del-maestrazgo.png\",\"datePublished\":\"2024-10-04T10:17:21+00:00\",\"dateModified\":\"2024-10-31T15:53:56+00:00\",\"breadcrumb\":{\"@id\":\"https:\\\/\\\/caminodelospilones.com\\\/fr\\\/lindustrie-et-le-commerce-de-la-laine\\\/#breadcrumb\"},\"inLanguage\":\"fr-FR\",\"potentialAction\":[{\"@type\":\"ReadAction\",\"target\":[\"https:\\\/\\\/caminodelospilones.com\\\/fr\\\/lindustrie-et-le-commerce-de-la-laine\\\/\"]}]},{\"@type\":\"ImageObject\",\"inLanguage\":\"fr-FR\",\"@id\":\"https:\\\/\\\/caminodelospilones.com\\\/fr\\\/lindustrie-et-le-commerce-de-la-laine\\\/#primaryimage\",\"url\":\"https:\\\/\\\/caminodelospilones.com\\\/wp-content\\\/uploads\\\/2024\\\/10\\\/la-lana-del-maestrazgo.png\",\"contentUrl\":\"https:\\\/\\\/caminodelospilones.com\\\/wp-content\\\/uploads\\\/2024\\\/10\\\/la-lana-del-maestrazgo.png\"},{\"@type\":\"BreadcrumbList\",\"@id\":\"https:\\\/\\\/caminodelospilones.com\\\/fr\\\/lindustrie-et-le-commerce-de-la-laine\\\/#breadcrumb\",\"itemListElement\":[{\"@type\":\"ListItem\",\"position\":1,\"name\":\"Portada\",\"item\":\"https:\\\/\\\/caminodelospilones.com\\\/fr\\\/accueil\\\/\"},{\"@type\":\"ListItem\",\"position\":2,\"name\":\"L&rsquo;industrie et le commerce de la laine\"}]},{\"@type\":\"WebSite\",\"@id\":\"https:\\\/\\\/caminodelospilones.com\\\/#website\",\"url\":\"https:\\\/\\\/caminodelospilones.com\\\/\",\"name\":\"Camino de los Pilones\",\"description\":\"\",\"publisher\":{\"@id\":\"https:\\\/\\\/caminodelospilones.com\\\/#organization\"},\"potentialAction\":[{\"@type\":\"SearchAction\",\"target\":{\"@type\":\"EntryPoint\",\"urlTemplate\":\"https:\\\/\\\/caminodelospilones.com\\\/?s={search_term_string}\"},\"query-input\":{\"@type\":\"PropertyValueSpecification\",\"valueRequired\":true,\"valueName\":\"search_term_string\"}}],\"inLanguage\":\"fr-FR\"},{\"@type\":\"Organization\",\"@id\":\"https:\\\/\\\/caminodelospilones.com\\\/#organization\",\"name\":\"Camino de los Pilones\",\"url\":\"https:\\\/\\\/caminodelospilones.com\\\/\",\"logo\":{\"@type\":\"ImageObject\",\"inLanguage\":\"fr-FR\",\"@id\":\"https:\\\/\\\/caminodelospilones.com\\\/#\\\/schema\\\/logo\\\/image\\\/\",\"url\":\"https:\\\/\\\/caminodelospilones.com\\\/wp-content\\\/uploads\\\/2024\\\/08\\\/PILONES-LOGO_Mesa-de-trabajo-1-copia-2.png\",\"contentUrl\":\"https:\\\/\\\/caminodelospilones.com\\\/wp-content\\\/uploads\\\/2024\\\/08\\\/PILONES-LOGO_Mesa-de-trabajo-1-copia-2.png\",\"width\":1458,\"height\":424,\"caption\":\"Camino de los Pilones\"},\"image\":{\"@id\":\"https:\\\/\\\/caminodelospilones.com\\\/#\\\/schema\\\/logo\\\/image\\\/\"}}]}<\/script>\n<!-- \/ Yoast SEO plugin. -->","yoast_head_json":{"title":"L'industrie et le commerce de la laine - Camino de los Pilones","robots":{"index":"index","follow":"follow","max-snippet":"max-snippet:-1","max-image-preview":"max-image-preview:large","max-video-preview":"max-video-preview:-1"},"canonical":"https:\/\/caminodelospilones.com\/fr\/lindustrie-et-le-commerce-de-la-laine\/","og_locale":"fr_FR","og_type":"article","og_title":"L'industrie et le commerce de la laine - Camino de los Pilones","og_description":"Histoire de la route L&rsquo;industrie et le commerce de la laine Depuis la fin du Moyen \u00c2ge, la sortie des mati\u00e8res premi\u00e8res et des produits manufactur\u00e9s vers les diff\u00e9rents circuits commerciaux s&rsquo;effectuait par d&rsquo;\u00e9troites voies cavali\u00e8res telles que les pilones. Cet itin\u00e9raire reliait les villages des hautes montagnes de G\u00fadar-Maestrazgo, o\u00f9 la production de laine [&hellip;]","og_url":"https:\/\/caminodelospilones.com\/fr\/lindustrie-et-le-commerce-de-la-laine\/","og_site_name":"Camino de los Pilones","article_modified_time":"2024-10-31T15:53:56+00:00","og_image":[{"url":"https:\/\/caminodelospilones.com\/wp-content\/uploads\/2024\/10\/la-lana-del-maestrazgo.png","type":"","width":"","height":""}],"twitter_card":"summary_large_image","twitter_misc":{"Dur\u00e9e de lecture estim\u00e9e":"6 minutes"},"schema":{"@context":"https:\/\/schema.org","@graph":[{"@type":"WebPage","@id":"https:\/\/caminodelospilones.com\/fr\/lindustrie-et-le-commerce-de-la-laine\/","url":"https:\/\/caminodelospilones.com\/fr\/lindustrie-et-le-commerce-de-la-laine\/","name":"L'industrie et le commerce de la laine - Camino de los Pilones","isPartOf":{"@id":"https:\/\/caminodelospilones.com\/#website"},"primaryImageOfPage":{"@id":"https:\/\/caminodelospilones.com\/fr\/lindustrie-et-le-commerce-de-la-laine\/#primaryimage"},"image":{"@id":"https:\/\/caminodelospilones.com\/fr\/lindustrie-et-le-commerce-de-la-laine\/#primaryimage"},"thumbnailUrl":"https:\/\/caminodelospilones.com\/wp-content\/uploads\/2024\/10\/la-lana-del-maestrazgo.png","datePublished":"2024-10-04T10:17:21+00:00","dateModified":"2024-10-31T15:53:56+00:00","breadcrumb":{"@id":"https:\/\/caminodelospilones.com\/fr\/lindustrie-et-le-commerce-de-la-laine\/#breadcrumb"},"inLanguage":"fr-FR","potentialAction":[{"@type":"ReadAction","target":["https:\/\/caminodelospilones.com\/fr\/lindustrie-et-le-commerce-de-la-laine\/"]}]},{"@type":"ImageObject","inLanguage":"fr-FR","@id":"https:\/\/caminodelospilones.com\/fr\/lindustrie-et-le-commerce-de-la-laine\/#primaryimage","url":"https:\/\/caminodelospilones.com\/wp-content\/uploads\/2024\/10\/la-lana-del-maestrazgo.png","contentUrl":"https:\/\/caminodelospilones.com\/wp-content\/uploads\/2024\/10\/la-lana-del-maestrazgo.png"},{"@type":"BreadcrumbList","@id":"https:\/\/caminodelospilones.com\/fr\/lindustrie-et-le-commerce-de-la-laine\/#breadcrumb","itemListElement":[{"@type":"ListItem","position":1,"name":"Portada","item":"https:\/\/caminodelospilones.com\/fr\/accueil\/"},{"@type":"ListItem","position":2,"name":"L&rsquo;industrie et le commerce de la laine"}]},{"@type":"WebSite","@id":"https:\/\/caminodelospilones.com\/#website","url":"https:\/\/caminodelospilones.com\/","name":"Camino de los Pilones","description":"","publisher":{"@id":"https:\/\/caminodelospilones.com\/#organization"},"potentialAction":[{"@type":"SearchAction","target":{"@type":"EntryPoint","urlTemplate":"https:\/\/caminodelospilones.com\/?s={search_term_string}"},"query-input":{"@type":"PropertyValueSpecification","valueRequired":true,"valueName":"search_term_string"}}],"inLanguage":"fr-FR"},{"@type":"Organization","@id":"https:\/\/caminodelospilones.com\/#organization","name":"Camino de los Pilones","url":"https:\/\/caminodelospilones.com\/","logo":{"@type":"ImageObject","inLanguage":"fr-FR","@id":"https:\/\/caminodelospilones.com\/#\/schema\/logo\/image\/","url":"https:\/\/caminodelospilones.com\/wp-content\/uploads\/2024\/08\/PILONES-LOGO_Mesa-de-trabajo-1-copia-2.png","contentUrl":"https:\/\/caminodelospilones.com\/wp-content\/uploads\/2024\/08\/PILONES-LOGO_Mesa-de-trabajo-1-copia-2.png","width":1458,"height":424,"caption":"Camino de los Pilones"},"image":{"@id":"https:\/\/caminodelospilones.com\/#\/schema\/logo\/image\/"}}]}},"_links":{"self":[{"href":"https:\/\/caminodelospilones.com\/fr\/wp-json\/wp\/v2\/pages\/1384","targetHints":{"allow":["GET"]}}],"collection":[{"href":"https:\/\/caminodelospilones.com\/fr\/wp-json\/wp\/v2\/pages"}],"about":[{"href":"https:\/\/caminodelospilones.com\/fr\/wp-json\/wp\/v2\/types\/page"}],"author":[{"embeddable":true,"href":"https:\/\/caminodelospilones.com\/fr\/wp-json\/wp\/v2\/users\/1"}],"replies":[{"embeddable":true,"href":"https:\/\/caminodelospilones.com\/fr\/wp-json\/wp\/v2\/comments?post=1384"}],"version-history":[{"count":1,"href":"https:\/\/caminodelospilones.com\/fr\/wp-json\/wp\/v2\/pages\/1384\/revisions"}],"predecessor-version":[{"id":1387,"href":"https:\/\/caminodelospilones.com\/fr\/wp-json\/wp\/v2\/pages\/1384\/revisions\/1387"}],"wp:attachment":[{"href":"https:\/\/caminodelospilones.com\/fr\/wp-json\/wp\/v2\/media?parent=1384"}],"curies":[{"name":"wp","href":"https:\/\/api.w.org\/{rel}","templated":true}]}}