{"id":1386,"date":"2024-10-07T10:33:39","date_gmt":"2024-10-07T08:33:39","guid":{"rendered":"https:\/\/caminodelospilones.com\/la-pierre-seche\/"},"modified":"2024-10-31T16:53:55","modified_gmt":"2024-10-31T15:53:55","slug":"la-pierre-seche","status":"publish","type":"page","link":"https:\/\/caminodelospilones.com\/fr\/la-pierre-seche\/","title":{"rendered":"La pierre s\u00e8che"},"content":{"rendered":"\t\t<div data-elementor-type=\"wp-page\" data-elementor-id=\"1386\" class=\"elementor elementor-1386 elementor-574\" data-elementor-post-type=\"page\">\n\t\t\t\t<div data-particle_enable=\"false\" data-particle-mobile-disabled=\"false\" class=\"elementor-element elementor-element-c066725 e-flex e-con-boxed e-con e-parent\" data-id=\"c066725\" data-element_type=\"container\" data-e-type=\"container\" data-settings=\"{&quot;background_background&quot;:&quot;classic&quot;}\">\n\t\t\t\t\t<div class=\"e-con-inner\">\n\t\t<div data-particle_enable=\"false\" data-particle-mobile-disabled=\"false\" class=\"elementor-element elementor-element-8b550b7 e-con-full e-flex e-con e-child\" data-id=\"8b550b7\" data-element_type=\"container\" data-e-type=\"container\">\n\t\t\t\t<div class=\"elementor-element elementor-element-8697cd9 elementor-position-inline-start elementor-view-default elementor-mobile-position-block-start elementor-widget elementor-widget-icon-box\" data-id=\"8697cd9\" data-element_type=\"widget\" data-e-type=\"widget\" data-widget_type=\"icon-box.default\">\n\t\t\t\t<div class=\"elementor-widget-container\">\n\t\t\t\t\t\t\t<div class=\"elementor-icon-box-wrapper\">\n\n\t\t\t\t\t\t<div class=\"elementor-icon-box-icon\">\n\t\t\t\t<a href=\"https:\/\/caminodelospilones.com\/historia-del-camino\/\" class=\"elementor-icon\" tabindex=\"-1\" aria-label=\"Histoire de la route\">\n\t\t\t\t<svg aria-hidden=\"true\" class=\"e-font-icon-svg e-fas-arrow-left\" viewBox=\"0 0 448 512\" xmlns=\"http:\/\/www.w3.org\/2000\/svg\"><path d=\"M257.5 445.1l-22.2 22.2c-9.4 9.4-24.6 9.4-33.9 0L7 273c-9.4-9.4-9.4-24.6 0-33.9L201.4 44.7c9.4-9.4 24.6-9.4 33.9 0l22.2 22.2c9.5 9.5 9.3 25-.4 34.3L136.6 216H424c13.3 0 24 10.7 24 24v32c0 13.3-10.7 24-24 24H136.6l120.5 114.8c9.8 9.3 10 24.8.4 34.3z\"><\/path><\/svg>\t\t\t\t<\/a>\n\t\t\t<\/div>\n\t\t\t\n\t\t\t\t\t\t<div class=\"elementor-icon-box-content\">\n\n\t\t\t\t\t\t\t\t\t<h3 class=\"elementor-icon-box-title\">\n\t\t\t\t\t\t<a href=\"https:\/\/caminodelospilones.com\/historia-del-camino\/\" >\n\t\t\t\t\t\t\tHistoire de la route\t\t\t\t\t\t<\/a>\n\t\t\t\t\t<\/h3>\n\t\t\t\t\n\t\t\t\t\n\t\t\t<\/div>\n\t\t\t\n\t\t<\/div>\n\t\t\t\t\t\t<\/div>\n\t\t\t\t<\/div>\n\t\t\t\t<div class=\"elementor-element elementor-element-94334da elementor-widget elementor-widget-heading\" data-id=\"94334da\" data-element_type=\"widget\" data-e-type=\"widget\" data-widget_type=\"heading.default\">\n\t\t\t\t<div class=\"elementor-widget-container\">\n\t\t\t\t\t<h2 class=\"elementor-heading-title elementor-size-default\">La pierre s\u00e8che<\/h2>\t\t\t\t<\/div>\n\t\t\t\t<\/div>\n\t\t\t\t<div class=\"elementor-element elementor-element-2f36821 elementor-widget elementor-widget-text-editor\" data-id=\"2f36821\" data-element_type=\"widget\" data-e-type=\"widget\" data-widget_type=\"text-editor.default\">\n\t\t\t\t<div class=\"elementor-widget-container\">\n\t\t\t\t\t\t\t\t\t<p>En parcourant le chemin des pyl\u00f4nes, nous pouvons appr\u00e9cier un type de construction d\u00e9clar\u00e9 patrimoine mondial depuis des milliers d&rsquo;ann\u00e9es. La technique de la pierre s\u00e8che a \u00e9t\u00e9 utilis\u00e9e tout au long de l&rsquo;histoire pour construire des \u00e9l\u00e9ments fonctionnels autour d&rsquo;anciennes voies de communication. <\/p>\n\t\t\t\t\t\t\t\t<\/div>\n\t\t\t\t<\/div>\n\t\t\t\t<\/div>\n\t\t<div data-particle_enable=\"false\" data-particle-mobile-disabled=\"false\" class=\"elementor-element elementor-element-529390f e-con-full e-flex e-con e-child\" data-id=\"529390f\" data-element_type=\"container\" data-e-type=\"container\">\n\t\t\t\t<div data-dce-text-color=\"#DAC494\" class=\"elementor-element elementor-element-884050a dce_masking-none elementor-widget elementor-widget-image\" data-id=\"884050a\" data-element_type=\"widget\" data-e-type=\"widget\" data-widget_type=\"image.default\">\n\t\t\t\t<div class=\"elementor-widget-container\">\n\t\t\t\t\t\t\t\t\t\t\t\t<figure class=\"wp-caption\">\n\t\t\t\t\t\t\t\t\t\t<img fetchpriority=\"high\" decoding=\"async\" width=\"800\" height=\"338\" src=\"https:\/\/caminodelospilones.com\/wp-content\/uploads\/2024\/10\/Cedido-por-el-museo-de-la-piedra-en-seco-de-Villafranca-del-Cid-1024x432.jpg\" class=\"attachment-large size-large wp-image-1305\" alt=\"\" srcset=\"https:\/\/caminodelospilones.com\/wp-content\/uploads\/2024\/10\/Cedido-por-el-museo-de-la-piedra-en-seco-de-Villafranca-del-Cid-1024x432.jpg 1024w, https:\/\/caminodelospilones.com\/wp-content\/uploads\/2024\/10\/Cedido-por-el-museo-de-la-piedra-en-seco-de-Villafranca-del-Cid-300x127.jpg 300w, https:\/\/caminodelospilones.com\/wp-content\/uploads\/2024\/10\/Cedido-por-el-museo-de-la-piedra-en-seco-de-Villafranca-del-Cid-768x324.jpg 768w, https:\/\/caminodelospilones.com\/wp-content\/uploads\/2024\/10\/Cedido-por-el-museo-de-la-piedra-en-seco-de-Villafranca-del-Cid-1536x648.jpg 1536w, https:\/\/caminodelospilones.com\/wp-content\/uploads\/2024\/10\/Cedido-por-el-museo-de-la-piedra-en-seco-de-Villafranca-del-Cid-2048x864.jpg 2048w\" sizes=\"(max-width: 800px) 100vw, 800px\" \/>\t\t\t\t\t\t\t\t\t\t\t<figcaption class=\"widget-image-caption wp-caption-text\">Pr\u00eat du mus\u00e9e de la pierre s\u00e8che de Villafranca del Cid.<\/figcaption>\n\t\t\t\t\t\t\t\t\t\t<\/figure>\n\t\t\t\t\t\t\t\t\t<\/div>\n\t\t\t\t<\/div>\n\t\t\t\t<\/div>\n\t\t\t\t\t<\/div>\n\t\t\t\t<\/div>\n\t\t<div data-particle_enable=\"false\" data-particle-mobile-disabled=\"false\" class=\"elementor-element elementor-element-9475e6a e-flex e-con-boxed e-con e-parent\" data-id=\"9475e6a\" data-element_type=\"container\" data-e-type=\"container\">\n\t\t\t\t\t<div class=\"e-con-inner\">\n\t\t\t\t<div class=\"elementor-element elementor-element-bb6517f elementor-widget elementor-widget-spacer\" data-id=\"bb6517f\" data-element_type=\"widget\" data-e-type=\"widget\" data-widget_type=\"spacer.default\">\n\t\t\t\t<div class=\"elementor-widget-container\">\n\t\t\t\t\t\t\t<div class=\"elementor-spacer\">\n\t\t\t<div class=\"elementor-spacer-inner\"><\/div>\n\t\t<\/div>\n\t\t\t\t\t\t<\/div>\n\t\t\t\t<\/div>\n\t\t\t\t\t<\/div>\n\t\t\t\t<\/div>\n\t\t<div data-particle_enable=\"false\" data-particle-mobile-disabled=\"false\" class=\"elementor-element elementor-element-18bdc8e e-flex e-con-boxed e-con e-parent\" data-id=\"18bdc8e\" data-element_type=\"container\" data-e-type=\"container\">\n\t\t\t\t\t<div class=\"e-con-inner\">\n\t\t<div data-particle_enable=\"false\" data-particle-mobile-disabled=\"false\" class=\"elementor-element elementor-element-c896396 e-con-full e-flex e-con e-child\" data-id=\"c896396\" data-element_type=\"container\" data-e-type=\"container\">\n\t\t<div data-particle_enable=\"false\" data-particle-mobile-disabled=\"false\" class=\"elementor-element elementor-element-8d06c14 e-con-full e-flex e-con e-child\" data-id=\"8d06c14\" data-element_type=\"container\" data-e-type=\"container\">\n\t\t\t\t<div class=\"elementor-element elementor-element-2537c8d dce_masking-none elementor-widget elementor-widget-image\" data-id=\"2537c8d\" data-element_type=\"widget\" data-e-type=\"widget\" data-widget_type=\"image.default\">\n\t\t\t\t<div class=\"elementor-widget-container\">\n\t\t\t\t\t\t\t\t\t\t\t\t<figure class=\"wp-caption\">\n\t\t\t\t\t\t\t\t\t\t<img decoding=\"async\" width=\"800\" height=\"600\" src=\"https:\/\/caminodelospilones.com\/wp-content\/uploads\/2024\/10\/242-1024x768.jpg\" class=\"attachment-large size-large wp-image-1303\" alt=\"\" srcset=\"https:\/\/caminodelospilones.com\/wp-content\/uploads\/2024\/10\/242-1024x768.jpg 1024w, https:\/\/caminodelospilones.com\/wp-content\/uploads\/2024\/10\/242-300x225.jpg 300w, https:\/\/caminodelospilones.com\/wp-content\/uploads\/2024\/10\/242-768x576.jpg 768w, https:\/\/caminodelospilones.com\/wp-content\/uploads\/2024\/10\/242.jpg 1280w\" sizes=\"(max-width: 800px) 100vw, 800px\" \/>\t\t\t\t\t\t\t\t\t\t\t<figcaption class=\"widget-image-caption wp-caption-text\">Mur en pierres s\u00e8ches.<\/figcaption>\n\t\t\t\t\t\t\t\t\t\t<\/figure>\n\t\t\t\t\t\t\t\t\t<\/div>\n\t\t\t\t<\/div>\n\t\t\t\t<\/div>\n\t\t<div data-particle_enable=\"false\" data-particle-mobile-disabled=\"false\" class=\"elementor-element elementor-element-4422e6a e-con-full e-flex e-con e-child\" data-id=\"4422e6a\" data-element_type=\"container\" data-e-type=\"container\">\n\t\t\t\t<div class=\"elementor-element elementor-element-0adaf2b elementor-widget elementor-widget-heading\" data-id=\"0adaf2b\" data-element_type=\"widget\" data-e-type=\"widget\" data-widget_type=\"heading.default\">\n\t\t\t\t<div class=\"elementor-widget-container\">\n\t\t\t\t\t<h2 class=\"elementor-heading-title elementor-size-default\">L'origine des constructions en pierre s\u00e8che<\/h2>\t\t\t\t<\/div>\n\t\t\t\t<\/div>\n\t\t\t\t<div class=\"elementor-element elementor-element-d8434ab elementor-widget elementor-widget-text-editor\" data-id=\"d8434ab\" data-element_type=\"widget\" data-e-type=\"widget\" data-widget_type=\"text-editor.default\">\n\t\t\t\t<div class=\"elementor-widget-container\">\n\t\t\t\t\t\t\t\t\t<p>Apr\u00e8s le processus de conqu\u00eate chr\u00e9tienne et de repeuplement du territoire \u00e0 partir du XIIIe si\u00e8cle, les habitants de ces terres ont orient\u00e9 leur \u00e9conomie vers des secteurs qui pouvaient s&rsquo;adapter aux caract\u00e9ristiques d&rsquo;une terre montagneuse, froide et pauvre en sols. Les terres froides et arides des sierras n&rsquo;\u00e9taient pas tr\u00e8s propices \u00e0 la culture et \u00e9taient \u00e9galement pleines de pierres, ce qui obligeait ceux qui s&rsquo;y installaient \u00e0 faire preuve d&rsquo;ing\u00e9niosit\u00e9 pour obtenir des parcelles cultivables. Ainsi, les pierres extraites des champs \u00e9taient utilis\u00e9es pour construire des terrasses ou des gradins dans les zones \u00e0 forte pente, permettant de cultiver et d&rsquo;\u00e9viter l&rsquo;\u00e9rosion, pour construire des cabanes afin d&rsquo;abriter les bergers et le b\u00e9tail, ou encore des murs pour cl\u00f4turer des parcelles ou d\u00e9limiter des routes.  <\/p>\n\t\t\t\t\t\t\t\t<\/div>\n\t\t\t\t<\/div>\n\t\t\t\t<\/div>\n\t\t\t\t<\/div>\n\t\t\t\t\t<\/div>\n\t\t\t\t<\/div>\n\t\t<div data-particle_enable=\"false\" data-particle-mobile-disabled=\"false\" class=\"elementor-element elementor-element-a288b70 e-flex e-con-boxed e-con e-parent\" data-id=\"a288b70\" data-element_type=\"container\" data-e-type=\"container\">\n\t\t\t\t\t<div class=\"e-con-inner\">\n\t\t\t\t<div class=\"elementor-element elementor-element-a59479f elementor-widget-divider--separator-type-pattern elementor-widget-divider--no-spacing elementor-widget-divider--view-line elementor-widget elementor-widget-divider\" data-id=\"a59479f\" data-element_type=\"widget\" data-e-type=\"widget\" data-widget_type=\"divider.default\">\n\t\t\t\t<div class=\"elementor-widget-container\">\n\t\t\t\t\t\t\t<div class=\"elementor-divider\" style=\"--divider-pattern-url: url(&quot;data:image\/svg+xml,%3Csvg xmlns=&#039;http:\/\/www.w3.org\/2000\/svg&#039; preserveAspectRatio=&#039;xMidYMid meet&#039; overflow=&#039;visible&#039; height=&#039;100%&#039; viewBox=&#039;0 0 120 26&#039; fill=&#039;black&#039; stroke=&#039;none&#039;%3E%3Cpath d=&#039;M11.9,15.9L11.9,15.9L0,16c-0.2-3.7,1.5-5.7,4.9-6C10,9.6,12.4,14.2,11.9,15.9zM26.9,15.9L26.9,15.9L15,16c0.5-3.7,2.5-5.7,5.9-6C26,9.6,27.4,14.2,26.9,15.9z M37.1,10c3.4,0.3,5.1,2.3,4.9,6H30.1C29.5,14.4,31.9,9.6,37.1,10z M57,15.9L57,15.9L45,16c0-3.4,1.6-5.4,4.9-5.9C54.8,9.3,57.4,14.2,57,15.9z M71.9,15.9L71.9,15.9L60,16c-0.2-3.7,1.5-5.7,4.9-6C70,9.6,72.4,14.2,71.9,15.9z M82.2,10c3.4,0.3,5,2.3,4.8,6H75.3C74,13,77.1,9.6,82.2,10zM101.9,15.9L101.9,15.9L90,16c-0.2-3.7,1.5-5.7,4.9-6C100,9.6,102.4,14.2,101.9,15.9z M112.1,10.1c2.7,0.5,4.3,2.5,4.9,5.9h-11.9l0,0C104.5,14.4,108,9.3,112.1,10.1z&#039;\/%3E%3C\/svg%3E&quot;);\">\n\t\t\t<span class=\"elementor-divider-separator\">\n\t\t\t\t\t\t<\/span>\n\t\t<\/div>\n\t\t\t\t\t\t<\/div>\n\t\t\t\t<\/div>\n\t\t\t\t\t<\/div>\n\t\t\t\t<\/div>\n\t\t<div data-particle_enable=\"false\" data-particle-mobile-disabled=\"false\" class=\"elementor-element elementor-element-3b953a9 e-flex e-con-boxed e-con e-parent\" data-id=\"3b953a9\" data-element_type=\"container\" data-e-type=\"container\">\n\t\t\t\t\t<div class=\"e-con-inner\">\n\t\t\t\t<div class=\"elementor-element elementor-element-67f0d5d elementor-widget elementor-widget-heading\" data-id=\"67f0d5d\" data-element_type=\"widget\" data-e-type=\"widget\" data-widget_type=\"heading.default\">\n\t\t\t\t<div class=\"elementor-widget-container\">\n\t\t\t\t\t<h2 class=\"elementor-heading-title elementor-size-default\">Routes entre les montagnes  <\/h2>\t\t\t\t<\/div>\n\t\t\t\t<\/div>\n\t\t<div data-particle_enable=\"false\" data-particle-mobile-disabled=\"false\" class=\"elementor-element elementor-element-23cde85 e-con-full e-flex e-con e-child\" data-id=\"23cde85\" data-element_type=\"container\" data-e-type=\"container\">\n\t\t<div data-particle_enable=\"false\" data-particle-mobile-disabled=\"false\" class=\"elementor-element elementor-element-119c681 e-con-full e-flex e-con e-child\" data-id=\"119c681\" data-element_type=\"container\" data-e-type=\"container\">\n\t\t\t\t<div class=\"elementor-element elementor-element-9099213 elementor-widget elementor-widget-text-editor\" data-id=\"9099213\" data-element_type=\"widget\" data-e-type=\"widget\" data-widget_type=\"text-editor.default\">\n\t\t\t\t<div class=\"elementor-widget-container\">\n\t\t\t\t\t\t\t\t\t<p class=\"p1\">L&rsquo;\u00e9levage transhumant et le commerce ont donn\u00e9 lieu \u00e0 la cr\u00e9ation de routes \u00e0 travers les cha\u00eenes de montagnes du G\u00fadar-Maestrazgo, le long desquelles un grand nombre de personnes se d\u00e9pla\u00e7aient sur des chemins, des pistes, des sentiers et des azagadores. Chaque type de route pr\u00e9sentait certaines caract\u00e9ristiques qui la rendaient plus adapt\u00e9e \u00e0 l&rsquo;usage qui en \u00e9tait fait. Ainsi, les chemins \u00e9taient des routes \u00e9troites g\u00e9n\u00e9ralement utilis\u00e9es pour les pi\u00e9tons et le petit b\u00e9tail. Connus \u00e9galement sous le nom d&rsquo;all\u00e9es cavali\u00e8res, ils \u00e9taient utilis\u00e9s par les personnes et les animaux en file. Un peu plus larges que les pr\u00e9c\u00e9dentes, les routes caudales ou royales, construites aux frais de l&rsquo;\u00c9tat, reliaient entre elles les villes d&rsquo;une certaine importance. Ces routes permettaient le transit des charrettes et des chariots et, pour cette raison, devaient \u00eatre suffisamment larges et avoir un rev\u00eatement ad\u00e9quat pour que les animaux puissent tra\u00eener leurs charges correctement. C&rsquo;est de ce type de route qu&rsquo;est issu le mot \u00ab\u00a0route\u00a0\u00bb. Dans le secteur de l&rsquo;\u00e9levage, la \u00ab\u00a0ca\u00f1ada\u00a0\u00bb ou \u00ab\u00a0vereda\u00a0\u00bb, connue en Aragon sous le nom de \u00ab\u00a0caba\u00f1era\u00a0\u00bb, \u00e9tait la voie par excellence pour le transit des animaux. Le sol devait \u00eatre meuble, avec une v\u00e9g\u00e9tation herbac\u00e9e naturelle qui servait de p\u00e2turage et \u00e9tait fertilis\u00e9e par le b\u00e9tail. L&rsquo;itin\u00e9raire \u00e9vitait de traverser les villages et essayait de passer \u00e0 gu\u00e9 les rivi\u00e8res. La n\u00e9cessit\u00e9 de traverser certaines grandes rivi\u00e8res a \u00e9t\u00e9 r\u00e9solue par la construction d&rsquo;imposants ponts comme celui de la Pobla del Bellestar, \u00e0 la fronti\u00e8re entre Iglesuela del Cid et Vilafranca.          <\/p>\n\t\t\t\t\t\t\t\t<\/div>\n\t\t\t\t<\/div>\n\t\t\t\t<\/div>\n\t\t<div data-particle_enable=\"false\" data-particle-mobile-disabled=\"false\" class=\"elementor-element elementor-element-b166030 e-con-full e-flex e-con e-child\" data-id=\"b166030\" data-element_type=\"container\" data-e-type=\"container\">\n\t\t\t\t<div class=\"elementor-element elementor-element-2c315dc dce_masking-none elementor-widget elementor-widget-image\" data-id=\"2c315dc\" data-element_type=\"widget\" data-e-type=\"widget\" data-widget_type=\"image.default\">\n\t\t\t\t<div class=\"elementor-widget-container\">\n\t\t\t\t\t\t\t\t\t\t\t\t<figure class=\"wp-caption\">\n\t\t\t\t\t\t\t\t\t\t<img decoding=\"async\" width=\"800\" height=\"534\" src=\"https:\/\/caminodelospilones.com\/wp-content\/uploads\/2024\/10\/MG_5342-1024x683.jpg\" class=\"attachment-large size-large wp-image-1301\" alt=\"\" srcset=\"https:\/\/caminodelospilones.com\/wp-content\/uploads\/2024\/10\/MG_5342-1024x683.jpg 1024w, https:\/\/caminodelospilones.com\/wp-content\/uploads\/2024\/10\/MG_5342-300x200.jpg 300w, https:\/\/caminodelospilones.com\/wp-content\/uploads\/2024\/10\/MG_5342-768x512.jpg 768w, https:\/\/caminodelospilones.com\/wp-content\/uploads\/2024\/10\/MG_5342-1536x1025.jpg 1536w, https:\/\/caminodelospilones.com\/wp-content\/uploads\/2024\/10\/MG_5342.jpg 2000w\" sizes=\"(max-width: 800px) 100vw, 800px\" \/>\t\t\t\t\t\t\t\t\t\t\t<figcaption class=\"widget-image-caption wp-caption-text\">Murs de sout\u00e8nement et de pierres s\u00e8ches.<\/figcaption>\n\t\t\t\t\t\t\t\t\t\t<\/figure>\n\t\t\t\t\t\t\t\t\t<\/div>\n\t\t\t\t<\/div>\n\t\t\t\t<\/div>\n\t\t\t\t<\/div>\n\t\t\t\t\t<\/div>\n\t\t\t\t<\/div>\n\t\t<div data-particle_enable=\"false\" data-particle-mobile-disabled=\"false\" class=\"elementor-element elementor-element-3eb8f8a e-flex e-con-boxed e-con e-parent\" data-id=\"3eb8f8a\" data-element_type=\"container\" data-e-type=\"container\">\n\t\t\t\t\t<div class=\"e-con-inner\">\n\t\t\t\t<div class=\"elementor-element elementor-element-37d8f3e elementor-widget-divider--separator-type-pattern elementor-widget-divider--no-spacing elementor-widget-divider--view-line elementor-widget elementor-widget-divider\" data-id=\"37d8f3e\" data-element_type=\"widget\" data-e-type=\"widget\" data-widget_type=\"divider.default\">\n\t\t\t\t<div class=\"elementor-widget-container\">\n\t\t\t\t\t\t\t<div class=\"elementor-divider\" style=\"--divider-pattern-url: url(&quot;data:image\/svg+xml,%3Csvg xmlns=&#039;http:\/\/www.w3.org\/2000\/svg&#039; preserveAspectRatio=&#039;xMidYMid meet&#039; overflow=&#039;visible&#039; height=&#039;100%&#039; viewBox=&#039;0 0 120 26&#039; fill=&#039;black&#039; stroke=&#039;none&#039;%3E%3Cpath d=&#039;M11.9,15.9L11.9,15.9L0,16c-0.2-3.7,1.5-5.7,4.9-6C10,9.6,12.4,14.2,11.9,15.9zM26.9,15.9L26.9,15.9L15,16c0.5-3.7,2.5-5.7,5.9-6C26,9.6,27.4,14.2,26.9,15.9z M37.1,10c3.4,0.3,5.1,2.3,4.9,6H30.1C29.5,14.4,31.9,9.6,37.1,10z M57,15.9L57,15.9L45,16c0-3.4,1.6-5.4,4.9-5.9C54.8,9.3,57.4,14.2,57,15.9z M71.9,15.9L71.9,15.9L60,16c-0.2-3.7,1.5-5.7,4.9-6C70,9.6,72.4,14.2,71.9,15.9z M82.2,10c3.4,0.3,5,2.3,4.8,6H75.3C74,13,77.1,9.6,82.2,10zM101.9,15.9L101.9,15.9L90,16c-0.2-3.7,1.5-5.7,4.9-6C100,9.6,102.4,14.2,101.9,15.9z M112.1,10.1c2.7,0.5,4.3,2.5,4.9,5.9h-11.9l0,0C104.5,14.4,108,9.3,112.1,10.1z&#039;\/%3E%3C\/svg%3E&quot;);\">\n\t\t\t<span class=\"elementor-divider-separator\">\n\t\t\t\t\t\t<\/span>\n\t\t<\/div>\n\t\t\t\t\t\t<\/div>\n\t\t\t\t<\/div>\n\t\t\t\t\t<\/div>\n\t\t\t\t<\/div>\n\t\t<div data-particle_enable=\"false\" data-particle-mobile-disabled=\"false\" class=\"elementor-element elementor-element-d1542d7 e-flex e-con-boxed e-con e-parent\" data-id=\"d1542d7\" data-element_type=\"container\" data-e-type=\"container\">\n\t\t\t\t\t<div class=\"e-con-inner\">\n\t\t<div data-particle_enable=\"false\" data-particle-mobile-disabled=\"false\" class=\"elementor-element elementor-element-76a99bf e-con-full e-flex e-con e-child\" data-id=\"76a99bf\" data-element_type=\"container\" data-e-type=\"container\">\n\t\t\t\t<div class=\"elementor-element elementor-element-c4f8d23 elementor-widget elementor-widget-heading\" data-id=\"c4f8d23\" data-element_type=\"widget\" data-e-type=\"widget\" data-widget_type=\"heading.default\">\n\t\t\t\t<div class=\"elementor-widget-container\">\n\t\t\t\t\t<h2 class=\"elementor-heading-title elementor-size-default\">Une technique de construction inscrite au patrimoine mondial<\/h2>\t\t\t\t<\/div>\n\t\t\t\t<\/div>\n\t\t\t\t<div class=\"elementor-element elementor-element-b9b9a53 elementor-widget elementor-widget-text-editor\" data-id=\"b9b9a53\" data-element_type=\"widget\" data-e-type=\"widget\" data-widget_type=\"text-editor.default\">\n\t\t\t\t<div class=\"elementor-widget-container\">\n\t\t\t\t\t\t\t\t\t<p>L'\u00a0\u00bbart de la pierre s\u00e8che\u00a0\u00bb a \u00e9t\u00e9 inscrit au patrimoine mondial de l&rsquo;humanit\u00e9 en 2018. Cette technique de construction ancestrale est encore pr\u00e9sente aujourd&rsquo;hui en Espagne, en Gr\u00e8ce, \u00e0 Chypre, en France, en Croatie, en Slov\u00e9nie, en Italie et en Suisse, pays qui ont d\u00e9pos\u00e9 une candidature commune pour pr\u00e9server et promouvoir un travail dont les origines remontent au n\u00e9olithique. \u00ab\u00a0L&rsquo;art de construire des murs en pierre s\u00e8che comprend la connaissance et la pratique de leur construction par simple empilement de pierres sans utiliser d&rsquo;autres mat\u00e9riaux de construction, \u00e0 l&rsquo;exception parfois de la terre s\u00e8che. Ces murs sont tr\u00e8s r\u00e9pandus \u00e0 l&rsquo;int\u00e9rieur et \u00e0 l&rsquo;ext\u00e9rieur des zones habit\u00e9es dans la plupart des r\u00e9gions rurales, principalement sur des terrains escarp\u00e9s, bien qu&rsquo;on les trouve \u00e9galement dans certaines r\u00e9gions urbaines. Leur stabilit\u00e9 structurelle est obtenue gr\u00e2ce \u00e0 une s\u00e9lection et \u00e0 une mise en place tr\u00e8s soigneuses des pierres. Ces murs ont \u00e9t\u00e9 utilis\u00e9s pour cr\u00e9er diff\u00e9rents types d&rsquo;habitats humains, ainsi que des structures pour l&rsquo;agriculture et l&rsquo;\u00e9levage, qui ont fa\u00e7onn\u00e9 des paysages nombreux et vari\u00e9s.       <\/p>\n<p>Ces constructions t\u00e9moignent des m\u00e9thodes et pratiques utilis\u00e9es par les populations, de la pr\u00e9histoire \u00e0 l&rsquo;\u00e9poque moderne, pour organiser leurs espaces de vie et de travail en utilisant au mieux les ressources naturelles et humaines locales. Les murs en pierre s\u00e8che jouent un r\u00f4le essentiel dans la pr\u00e9vention des glissements de terrain, des inondations et des avalanches, dans la lutte contre l&rsquo;\u00e9rosion des sols et la d\u00e9sertification, dans l&rsquo;am\u00e9lioration de la biodiversit\u00e9 et dans la cr\u00e9ation de conditions microclimatiques propices \u00e0 l&rsquo;agriculture. Les gardiens et les praticiens de cet \u00e9l\u00e9ment du patrimoine culturel sont les communaut\u00e9s rurales dans lesquelles il est profond\u00e9ment enracin\u00e9, ainsi que les professionnels du secteur de la construction. Les structures en pierre s\u00e8che sont toujours construites en parfaite harmonie avec l&rsquo;environnement et les techniques utilis\u00e9es sont un exemple de relation \u00e9quilibr\u00e9e entre l&rsquo;homme et la nature. La transmission de cet art de la construction se fait principalement par une pratique adapt\u00e9e aux conditions sp\u00e9cifiques de chaque lieu\u00a0\u00bb. UNESCO. Inscrit en 2018 sur la Liste repr\u00e9sentative du patrimoine culturel immat\u00e9riel de l&rsquo;humanit\u00e9.      <\/p>\n\t\t\t\t\t\t\t\t<\/div>\n\t\t\t\t<\/div>\n\t\t\t\t<\/div>\n\t\t\t\t\t<\/div>\n\t\t\t\t<\/div>\n\t\t<div data-particle_enable=\"false\" data-particle-mobile-disabled=\"false\" class=\"elementor-element elementor-element-9fff601 e-flex e-con-boxed e-con e-parent\" data-id=\"9fff601\" data-element_type=\"container\" data-e-type=\"container\">\n\t\t\t\t\t<div class=\"e-con-inner\">\n\t\t<div data-particle_enable=\"false\" data-particle-mobile-disabled=\"false\" class=\"elementor-element elementor-element-6a20397 e-con-full e-flex e-con e-child\" data-id=\"6a20397\" data-element_type=\"container\" data-e-type=\"container\" data-settings=\"{&quot;background_background&quot;:&quot;classic&quot;}\">\n\t\t\t\t<div class=\"elementor-element elementor-element-b380fc8 elementor-widget elementor-widget-heading\" data-id=\"b380fc8\" data-element_type=\"widget\" data-e-type=\"widget\" data-widget_type=\"heading.default\">\n\t\t\t\t<div class=\"elementor-widget-container\">\n\t\t\t\t\t<h2 class=\"elementor-heading-title elementor-size-default\">Bibliographie<\/h2>\t\t\t\t<\/div>\n\t\t\t\t<\/div>\n\t\t\t\t<div class=\"elementor-element elementor-element-040111b elementor-widget elementor-widget-text-editor\" data-id=\"040111b\" data-element_type=\"widget\" data-e-type=\"widget\" data-widget_type=\"text-editor.default\">\n\t\t\t\t<div class=\"elementor-widget-container\">\n\t\t\t\t\t\t\t\t\t<p class=\"p1\">ALTABA ESCORIHUELA, J. \u00ab\u00a0Cantavieja y su Baylia\u00a0\u00bb, Teruel, 1978. CASAS NAGORE, Carlos. \u00ab\u00a0Camineros, de la senda a la autov\u00eda. Les routes de Teruel\u00a0\u00bb. Instituto de Estudios Turolenses, 2021. MIRALLES GARC\u00cdA, F., MONFORT TENA, J., MAR\u00cdN ROLLO, M. \u00ab\u00a0Los hombres y las piedras. La pedra en sec a Vilafranca, un paisaje humanizado\u00a0\u00bb. Mairie de Vilafranca, 2008.     <\/p>\n\t\t\t\t\t\t\t\t<\/div>\n\t\t\t\t<\/div>\n\t\t\t\t<\/div>\n\t\t\t\t\t<\/div>\n\t\t\t\t<\/div>\n\t\t<div data-particle_enable=\"false\" data-particle-mobile-disabled=\"false\" class=\"elementor-element elementor-element-2a31ba9 e-flex e-con-boxed e-con e-parent\" data-id=\"2a31ba9\" data-element_type=\"container\" data-e-type=\"container\">\n\t\t\t\t\t<div class=\"e-con-inner\">\n\t\t<div data-particle_enable=\"false\" data-particle-mobile-disabled=\"false\" class=\"elementor-element elementor-element-e166960 e-con-full e-flex e-con e-child\" data-id=\"e166960\" data-element_type=\"container\" data-e-type=\"container\" data-settings=\"{&quot;background_background&quot;:&quot;classic&quot;}\">\n\t\t\t\t<div class=\"elementor-element elementor-element-8eb3508 elementor-widget elementor-widget-heading\" data-id=\"8eb3508\" data-element_type=\"widget\" data-e-type=\"widget\" data-widget_type=\"heading.default\">\n\t\t\t\t<div class=\"elementor-widget-container\">\n\t\t\t\t\t<h2 class=\"elementor-heading-title elementor-size-default\">Liens utiles<\/h2>\t\t\t\t<\/div>\n\t\t\t\t<\/div>\n\t\t\t\t<div class=\"elementor-element elementor-element-107380f elementor-widget elementor-widget-text-editor\" data-id=\"107380f\" data-element_type=\"widget\" data-e-type=\"widget\" data-widget_type=\"text-editor.default\">\n\t\t\t\t<div class=\"elementor-widget-container\">\n\t\t\t\t\t\t\t\t\t<p class=\"p1\">Publications sur la pierre s\u00e8che : https:\/\/pedraseca.gva.es\/va\/publicacions UNESCO, Patrimoine mondial. Connaissances et techniques de l&rsquo;art du mur en pierre s\u00e8che : https:\/\/ich.unesco.org\/es\/RL\/conocimientos-y-tecnicas-del-arte-de-construir-muros-enpiedra-seca-01393 <\/p>\n\t\t\t\t\t\t\t\t<\/div>\n\t\t\t\t<\/div>\n\t\t\t\t<\/div>\n\t\t\t\t\t<\/div>\n\t\t\t\t<\/div>\n\t\t<div data-particle_enable=\"false\" data-particle-mobile-disabled=\"false\" class=\"elementor-element elementor-element-a430f51 e-flex e-con-boxed e-con e-parent\" data-id=\"a430f51\" data-element_type=\"container\" data-e-type=\"container\">\n\t\t\t\t\t<div class=\"e-con-inner\">\n\t\t\t\t<div class=\"elementor-element elementor-element-0c9f165 elementor-widget elementor-widget-spacer\" data-id=\"0c9f165\" data-element_type=\"widget\" data-e-type=\"widget\" data-widget_type=\"spacer.default\">\n\t\t\t\t<div class=\"elementor-widget-container\">\n\t\t\t\t\t\t\t<div class=\"elementor-spacer\">\n\t\t\t<div class=\"elementor-spacer-inner\"><\/div>\n\t\t<\/div>\n\t\t\t\t\t\t<\/div>\n\t\t\t\t<\/div>\n\t\t\t\t\t<\/div>\n\t\t\t\t<\/div>\n\t\t\t\t<\/div>\n\t\t","protected":false},"excerpt":{"rendered":"<p>Histoire de la route La pierre s\u00e8che En parcourant le chemin des pyl\u00f4nes, nous pouvons appr\u00e9cier un type de construction d\u00e9clar\u00e9 patrimoine mondial depuis des milliers d&rsquo;ann\u00e9es. La technique de la pierre s\u00e8che a \u00e9t\u00e9 utilis\u00e9e tout au long de l&rsquo;histoire pour construire des \u00e9l\u00e9ments fonctionnels autour d&rsquo;anciennes voies de communication. Pr\u00eat du mus\u00e9e de [&hellip;]<\/p>\n","protected":false},"author":1,"featured_media":0,"parent":0,"menu_order":0,"comment_status":"closed","ping_status":"closed","template":"","meta":{"_acf_changed":false,"footnotes":""},"class_list":["post-1386","page","type-page","status-publish","hentry"],"acf":[],"yoast_head":"<!-- This site is optimized with the Yoast SEO plugin v27.3 - https:\/\/yoast.com\/product\/yoast-seo-wordpress\/ -->\n<title>La pierre s\u00e8che - Camino de los Pilones<\/title>\n<meta name=\"robots\" content=\"index, follow, max-snippet:-1, max-image-preview:large, max-video-preview:-1\" \/>\n<link rel=\"canonical\" href=\"https:\/\/caminodelospilones.com\/fr\/la-pierre-seche\/\" \/>\n<meta property=\"og:locale\" content=\"fr_FR\" \/>\n<meta property=\"og:type\" content=\"article\" \/>\n<meta property=\"og:title\" content=\"La pierre s\u00e8che - Camino de los Pilones\" \/>\n<meta property=\"og:description\" content=\"Histoire de la route La pierre s\u00e8che En parcourant le chemin des pyl\u00f4nes, nous pouvons appr\u00e9cier un type de construction d\u00e9clar\u00e9 patrimoine mondial depuis des milliers d&rsquo;ann\u00e9es. La technique de la pierre s\u00e8che a \u00e9t\u00e9 utilis\u00e9e tout au long de l&rsquo;histoire pour construire des \u00e9l\u00e9ments fonctionnels autour d&rsquo;anciennes voies de communication. Pr\u00eat du mus\u00e9e de [&hellip;]\" \/>\n<meta property=\"og:url\" content=\"https:\/\/caminodelospilones.com\/fr\/la-pierre-seche\/\" \/>\n<meta property=\"og:site_name\" content=\"Camino de los Pilones\" \/>\n<meta property=\"article:modified_time\" content=\"2024-10-31T15:53:55+00:00\" \/>\n<meta property=\"og:image\" content=\"https:\/\/caminodelospilones.com\/wp-content\/uploads\/2024\/10\/Cedido-por-el-museo-de-la-piedra-en-seco-de-Villafranca-del-Cid-1024x432.jpg\" \/>\n<meta name=\"twitter:card\" content=\"summary_large_image\" \/>\n<meta name=\"twitter:label1\" content=\"Dur\u00e9e de lecture estim\u00e9e\" \/>\n\t<meta name=\"twitter:data1\" content=\"5 minutes\" \/>\n<script type=\"application\/ld+json\" class=\"yoast-schema-graph\">{\"@context\":\"https:\\\/\\\/schema.org\",\"@graph\":[{\"@type\":\"WebPage\",\"@id\":\"https:\\\/\\\/caminodelospilones.com\\\/fr\\\/la-pierre-seche\\\/\",\"url\":\"https:\\\/\\\/caminodelospilones.com\\\/fr\\\/la-pierre-seche\\\/\",\"name\":\"La pierre s\u00e8che - Camino de los Pilones\",\"isPartOf\":{\"@id\":\"https:\\\/\\\/caminodelospilones.com\\\/#website\"},\"primaryImageOfPage\":{\"@id\":\"https:\\\/\\\/caminodelospilones.com\\\/fr\\\/la-pierre-seche\\\/#primaryimage\"},\"image\":{\"@id\":\"https:\\\/\\\/caminodelospilones.com\\\/fr\\\/la-pierre-seche\\\/#primaryimage\"},\"thumbnailUrl\":\"https:\\\/\\\/caminodelospilones.com\\\/wp-content\\\/uploads\\\/2024\\\/10\\\/Cedido-por-el-museo-de-la-piedra-en-seco-de-Villafranca-del-Cid-1024x432.jpg\",\"datePublished\":\"2024-10-07T08:33:39+00:00\",\"dateModified\":\"2024-10-31T15:53:55+00:00\",\"breadcrumb\":{\"@id\":\"https:\\\/\\\/caminodelospilones.com\\\/fr\\\/la-pierre-seche\\\/#breadcrumb\"},\"inLanguage\":\"fr-FR\",\"potentialAction\":[{\"@type\":\"ReadAction\",\"target\":[\"https:\\\/\\\/caminodelospilones.com\\\/fr\\\/la-pierre-seche\\\/\"]}]},{\"@type\":\"ImageObject\",\"inLanguage\":\"fr-FR\",\"@id\":\"https:\\\/\\\/caminodelospilones.com\\\/fr\\\/la-pierre-seche\\\/#primaryimage\",\"url\":\"https:\\\/\\\/caminodelospilones.com\\\/wp-content\\\/uploads\\\/2024\\\/10\\\/Cedido-por-el-museo-de-la-piedra-en-seco-de-Villafranca-del-Cid-1024x432.jpg\",\"contentUrl\":\"https:\\\/\\\/caminodelospilones.com\\\/wp-content\\\/uploads\\\/2024\\\/10\\\/Cedido-por-el-museo-de-la-piedra-en-seco-de-Villafranca-del-Cid-1024x432.jpg\"},{\"@type\":\"BreadcrumbList\",\"@id\":\"https:\\\/\\\/caminodelospilones.com\\\/fr\\\/la-pierre-seche\\\/#breadcrumb\",\"itemListElement\":[{\"@type\":\"ListItem\",\"position\":1,\"name\":\"Portada\",\"item\":\"https:\\\/\\\/caminodelospilones.com\\\/fr\\\/accueil\\\/\"},{\"@type\":\"ListItem\",\"position\":2,\"name\":\"La pierre s\u00e8che\"}]},{\"@type\":\"WebSite\",\"@id\":\"https:\\\/\\\/caminodelospilones.com\\\/#website\",\"url\":\"https:\\\/\\\/caminodelospilones.com\\\/\",\"name\":\"Camino de los Pilones\",\"description\":\"\",\"publisher\":{\"@id\":\"https:\\\/\\\/caminodelospilones.com\\\/#organization\"},\"potentialAction\":[{\"@type\":\"SearchAction\",\"target\":{\"@type\":\"EntryPoint\",\"urlTemplate\":\"https:\\\/\\\/caminodelospilones.com\\\/?s={search_term_string}\"},\"query-input\":{\"@type\":\"PropertyValueSpecification\",\"valueRequired\":true,\"valueName\":\"search_term_string\"}}],\"inLanguage\":\"fr-FR\"},{\"@type\":\"Organization\",\"@id\":\"https:\\\/\\\/caminodelospilones.com\\\/#organization\",\"name\":\"Camino de los Pilones\",\"url\":\"https:\\\/\\\/caminodelospilones.com\\\/\",\"logo\":{\"@type\":\"ImageObject\",\"inLanguage\":\"fr-FR\",\"@id\":\"https:\\\/\\\/caminodelospilones.com\\\/#\\\/schema\\\/logo\\\/image\\\/\",\"url\":\"https:\\\/\\\/caminodelospilones.com\\\/wp-content\\\/uploads\\\/2024\\\/08\\\/PILONES-LOGO_Mesa-de-trabajo-1-copia-2.png\",\"contentUrl\":\"https:\\\/\\\/caminodelospilones.com\\\/wp-content\\\/uploads\\\/2024\\\/08\\\/PILONES-LOGO_Mesa-de-trabajo-1-copia-2.png\",\"width\":1458,\"height\":424,\"caption\":\"Camino de los Pilones\"},\"image\":{\"@id\":\"https:\\\/\\\/caminodelospilones.com\\\/#\\\/schema\\\/logo\\\/image\\\/\"}}]}<\/script>\n<!-- \/ Yoast SEO plugin. -->","yoast_head_json":{"title":"La pierre s\u00e8che - Camino de los Pilones","robots":{"index":"index","follow":"follow","max-snippet":"max-snippet:-1","max-image-preview":"max-image-preview:large","max-video-preview":"max-video-preview:-1"},"canonical":"https:\/\/caminodelospilones.com\/fr\/la-pierre-seche\/","og_locale":"fr_FR","og_type":"article","og_title":"La pierre s\u00e8che - Camino de los Pilones","og_description":"Histoire de la route La pierre s\u00e8che En parcourant le chemin des pyl\u00f4nes, nous pouvons appr\u00e9cier un type de construction d\u00e9clar\u00e9 patrimoine mondial depuis des milliers d&rsquo;ann\u00e9es. La technique de la pierre s\u00e8che a \u00e9t\u00e9 utilis\u00e9e tout au long de l&rsquo;histoire pour construire des \u00e9l\u00e9ments fonctionnels autour d&rsquo;anciennes voies de communication. Pr\u00eat du mus\u00e9e de [&hellip;]","og_url":"https:\/\/caminodelospilones.com\/fr\/la-pierre-seche\/","og_site_name":"Camino de los Pilones","article_modified_time":"2024-10-31T15:53:55+00:00","og_image":[{"url":"https:\/\/caminodelospilones.com\/wp-content\/uploads\/2024\/10\/Cedido-por-el-museo-de-la-piedra-en-seco-de-Villafranca-del-Cid-1024x432.jpg","type":"","width":"","height":""}],"twitter_card":"summary_large_image","twitter_misc":{"Dur\u00e9e de lecture estim\u00e9e":"5 minutes"},"schema":{"@context":"https:\/\/schema.org","@graph":[{"@type":"WebPage","@id":"https:\/\/caminodelospilones.com\/fr\/la-pierre-seche\/","url":"https:\/\/caminodelospilones.com\/fr\/la-pierre-seche\/","name":"La pierre s\u00e8che - Camino de los Pilones","isPartOf":{"@id":"https:\/\/caminodelospilones.com\/#website"},"primaryImageOfPage":{"@id":"https:\/\/caminodelospilones.com\/fr\/la-pierre-seche\/#primaryimage"},"image":{"@id":"https:\/\/caminodelospilones.com\/fr\/la-pierre-seche\/#primaryimage"},"thumbnailUrl":"https:\/\/caminodelospilones.com\/wp-content\/uploads\/2024\/10\/Cedido-por-el-museo-de-la-piedra-en-seco-de-Villafranca-del-Cid-1024x432.jpg","datePublished":"2024-10-07T08:33:39+00:00","dateModified":"2024-10-31T15:53:55+00:00","breadcrumb":{"@id":"https:\/\/caminodelospilones.com\/fr\/la-pierre-seche\/#breadcrumb"},"inLanguage":"fr-FR","potentialAction":[{"@type":"ReadAction","target":["https:\/\/caminodelospilones.com\/fr\/la-pierre-seche\/"]}]},{"@type":"ImageObject","inLanguage":"fr-FR","@id":"https:\/\/caminodelospilones.com\/fr\/la-pierre-seche\/#primaryimage","url":"https:\/\/caminodelospilones.com\/wp-content\/uploads\/2024\/10\/Cedido-por-el-museo-de-la-piedra-en-seco-de-Villafranca-del-Cid-1024x432.jpg","contentUrl":"https:\/\/caminodelospilones.com\/wp-content\/uploads\/2024\/10\/Cedido-por-el-museo-de-la-piedra-en-seco-de-Villafranca-del-Cid-1024x432.jpg"},{"@type":"BreadcrumbList","@id":"https:\/\/caminodelospilones.com\/fr\/la-pierre-seche\/#breadcrumb","itemListElement":[{"@type":"ListItem","position":1,"name":"Portada","item":"https:\/\/caminodelospilones.com\/fr\/accueil\/"},{"@type":"ListItem","position":2,"name":"La pierre s\u00e8che"}]},{"@type":"WebSite","@id":"https:\/\/caminodelospilones.com\/#website","url":"https:\/\/caminodelospilones.com\/","name":"Camino de los Pilones","description":"","publisher":{"@id":"https:\/\/caminodelospilones.com\/#organization"},"potentialAction":[{"@type":"SearchAction","target":{"@type":"EntryPoint","urlTemplate":"https:\/\/caminodelospilones.com\/?s={search_term_string}"},"query-input":{"@type":"PropertyValueSpecification","valueRequired":true,"valueName":"search_term_string"}}],"inLanguage":"fr-FR"},{"@type":"Organization","@id":"https:\/\/caminodelospilones.com\/#organization","name":"Camino de los Pilones","url":"https:\/\/caminodelospilones.com\/","logo":{"@type":"ImageObject","inLanguage":"fr-FR","@id":"https:\/\/caminodelospilones.com\/#\/schema\/logo\/image\/","url":"https:\/\/caminodelospilones.com\/wp-content\/uploads\/2024\/08\/PILONES-LOGO_Mesa-de-trabajo-1-copia-2.png","contentUrl":"https:\/\/caminodelospilones.com\/wp-content\/uploads\/2024\/08\/PILONES-LOGO_Mesa-de-trabajo-1-copia-2.png","width":1458,"height":424,"caption":"Camino de los Pilones"},"image":{"@id":"https:\/\/caminodelospilones.com\/#\/schema\/logo\/image\/"}}]}},"_links":{"self":[{"href":"https:\/\/caminodelospilones.com\/fr\/wp-json\/wp\/v2\/pages\/1386","targetHints":{"allow":["GET"]}}],"collection":[{"href":"https:\/\/caminodelospilones.com\/fr\/wp-json\/wp\/v2\/pages"}],"about":[{"href":"https:\/\/caminodelospilones.com\/fr\/wp-json\/wp\/v2\/types\/page"}],"author":[{"embeddable":true,"href":"https:\/\/caminodelospilones.com\/fr\/wp-json\/wp\/v2\/users\/1"}],"replies":[{"embeddable":true,"href":"https:\/\/caminodelospilones.com\/fr\/wp-json\/wp\/v2\/comments?post=1386"}],"version-history":[{"count":1,"href":"https:\/\/caminodelospilones.com\/fr\/wp-json\/wp\/v2\/pages\/1386\/revisions"}],"predecessor-version":[{"id":1389,"href":"https:\/\/caminodelospilones.com\/fr\/wp-json\/wp\/v2\/pages\/1386\/revisions\/1389"}],"wp:attachment":[{"href":"https:\/\/caminodelospilones.com\/fr\/wp-json\/wp\/v2\/media?parent=1386"}],"curies":[{"name":"wp","href":"https:\/\/api.w.org\/{rel}","templated":true}]}}